{"id":787,"date":"2026-09-02T12:02:15","date_gmt":"2026-09-02T12:02:15","guid":{"rendered":"https:\/\/solikreis.org\/?page_id=787"},"modified":"2026-09-02T12:02:17","modified_gmt":"2026-09-02T12:02:17","slug":"1-mai-2024","status":"publish","type":"page","link":"https:\/\/solikreis.org\/index.php\/repressionsfaelle\/1-mai-2024\/","title":{"rendered":"1. Mai 2024"},"content":{"rendered":"\n<div class=\"wp-block-query alignwide is-layout-constrained wp-block-query-is-layout-constrained\"><ul class=\"alignwide wp-block-post-template is-layout-flow wp-block-post-template-is-layout-flow\"><li class=\"wp-block-post post-726 post type-post status-publish format-standard has-post-thumbnail hentry category-07-maerz category-1-mai-2024 category-aktuelles\">\n\n<div class=\"wp-block-group is-layout-constrained wp-block-group-is-layout-constrained\"><h2 class=\"alignwide wp-block-post-title has-var-wp-custom-typography-font-size-huge-clamp-2-25-rem-4-vw-2-75-rem-font-size\"><a href=\"https:\/\/solikreis.org\/index.php\/2026\/08\/13\/bewaehrungsstrafe-fuer-unsere-genossen-vor-dem-jugendgericht\/\" target=\"_self\" >Bew\u00e4hrungsstrafe vor dem Jugendgericht!<\/a><\/h2>\n\n<figure style=\"margin-top:calc(1.75 * var(--wp--style--block-gap))\" class=\"alignwide wp-block-post-featured-image\"><a href=\"https:\/\/solikreis.org\/index.php\/2026\/08\/13\/bewaehrungsstrafe-fuer-unsere-genossen-vor-dem-jugendgericht\/\" target=\"_self\" ><img loading=\"lazy\" decoding=\"async\" width=\"1536\" height=\"2048\" src=\"https:\/\/solikreis.org\/wp-content\/uploads\/2026\/08\/Prozess-13.08.bereinigt.png\" class=\"attachment-post-thumbnail size-post-thumbnail wp-post-image\" alt=\"Bew\u00e4hrungsstrafe vor dem Jugendgericht!\" style=\"object-fit:cover;\" srcset=\"https:\/\/solikreis.org\/wp-content\/uploads\/2026\/08\/Prozess-13.08.bereinigt.png 1536w, https:\/\/solikreis.org\/wp-content\/uploads\/2026\/08\/Prozess-13.08.bereinigt-225x300.png 225w, https:\/\/solikreis.org\/wp-content\/uploads\/2026\/08\/Prozess-13.08.bereinigt-768x1024.png 768w, https:\/\/solikreis.org\/wp-content\/uploads\/2026\/08\/Prozess-13.08.bereinigt-1152x1536.png 1152w\" sizes=\"auto, (max-width: 1536px) 100vw, 1536px\" \/><\/a><\/figure>\n\n\n<div class=\"wp-block-columns alignwide is-layout-flex wp-container-core-columns-is-layout-f56f613f wp-block-columns-is-layout-flex\">\n<div class=\"wp-block-column is-layout-flow wp-block-column-is-layout-flow\" style=\"flex-basis:650px\"><div class=\"wp-block-post-excerpt\"><p class=\"wp-block-post-excerpt__excerpt\">Wir waren heute am Amtsgericht Stuttgart um unseren Genossen vor dem Jugendgericht zu unterst\u00fctzen. Verurteilt wurde er zu 10 Monate Haft auf 2 Jahre Bew\u00e4hrung, 60 Sozialstunden, sowie einer Teilnahme an einem Art Anti-Aggressionstraining. Morgens versammelten sich knapp 20 solidarische Prozessbegleiter:innen um zu zeigen, dass wir auch vor Gericht zusammenstehen und niemanden alleine lassen. Da&hellip; <\/p><\/div>\n\n<div style=\"font-style:italic;font-weight:400\" class=\"wp-block-post-date has-small-font-size\"><a href=\"https:\/\/solikreis.org\/index.php\/2026\/08\/13\/bewaehrungsstrafe-fuer-unsere-genossen-vor-dem-jugendgericht\/\"><time datetime=\"2026-08-13T15:32:33+00:00\">August 13, 2026<\/time><\/a><\/div><\/div>\n\n\n\n<div class=\"wp-block-column is-layout-flow wp-block-column-is-layout-flow\"><\/div>\n<\/div>\n\n\n\n<div style=\"height:16px\" aria-hidden=\"true\" class=\"wp-block-spacer\"><\/div>\n\n\n\n<hr class=\"wp-block-separator has-css-opacity alignwide is-style-wide\"\/>\n\n\n\n<div style=\"height:16px\" aria-hidden=\"true\" class=\"wp-block-spacer\"><\/div>\n<\/div>\n\n<\/li><li class=\"wp-block-post post-718 post type-post status-publish format-standard has-post-thumbnail hentry category-07-maerz category-1-mai-2024 category-aktuelles\">\n\n<div class=\"wp-block-group is-layout-constrained wp-block-group-is-layout-constrained\"><h2 class=\"alignwide wp-block-post-title has-var-wp-custom-typography-font-size-huge-clamp-2-25-rem-4-vw-2-75-rem-font-size\"><a href=\"https:\/\/solikreis.org\/index.php\/2026\/08\/06\/prozessbegleitung-am-13-august-ab-830-uhr\/\" target=\"_self\" >Prozessbegleitung am 13. August ab 8:30 Uhr<\/a><\/h2>\n\n<figure style=\"margin-top:calc(1.75 * var(--wp--style--block-gap))\" class=\"alignwide wp-block-post-featured-image\"><a href=\"https:\/\/solikreis.org\/index.php\/2026\/08\/06\/prozessbegleitung-am-13-august-ab-830-uhr\/\" target=\"_self\" ><img loading=\"lazy\" decoding=\"async\" width=\"1080\" height=\"1043\" src=\"https:\/\/solikreis.org\/wp-content\/uploads\/2026\/08\/1-Bearbeitet.png\" class=\"attachment-post-thumbnail size-post-thumbnail wp-post-image\" alt=\"Prozessbegleitung am 13. August ab 8:30 Uhr\" style=\"object-fit:cover;\" srcset=\"https:\/\/solikreis.org\/wp-content\/uploads\/2026\/08\/1-Bearbeitet.png 1080w, https:\/\/solikreis.org\/wp-content\/uploads\/2026\/08\/1-Bearbeitet-300x290.png 300w, https:\/\/solikreis.org\/wp-content\/uploads\/2026\/08\/1-Bearbeitet-1024x989.png 1024w, https:\/\/solikreis.org\/wp-content\/uploads\/2026\/08\/1-Bearbeitet-768x742.png 768w\" sizes=\"auto, (max-width: 1080px) 100vw, 1080px\" \/><\/a><\/figure>\n\n\n<div class=\"wp-block-columns alignwide is-layout-flex wp-container-core-columns-is-layout-f56f613f wp-block-columns-is-layout-flex\">\n<div class=\"wp-block-column is-layout-flow wp-block-column-is-layout-flow\" style=\"flex-basis:650px\"><div class=\"wp-block-post-excerpt\"><p class=\"wp-block-post-excerpt__excerpt\">Unser Genosse, der schon am 30. Juni wegen verschiedener Anklagepunkte im Rahmen von politischen Aktionen und Demonstrationen vor dem Jugendgericht stand, hat am kommenden Donnerstag 13. August seinen 2. Prozesstag. Kundgebung13. August \u2013 08:30 Uhr Amtsgericht Stuttgart Prozessbeginn 09:00 Uhr \u2013 der Prozess findet unter Ausschluss der \u00d6ffentlichkeit statt. W\u00e4hrend des Prozesses wird es ein&hellip; <\/p><\/div>\n\n<div style=\"font-style:italic;font-weight:400\" class=\"wp-block-post-date has-small-font-size\"><a href=\"https:\/\/solikreis.org\/index.php\/2026\/08\/06\/prozessbegleitung-am-13-august-ab-830-uhr\/\"><time datetime=\"2026-08-06T17:46:18+00:00\">August 6, 2026<\/time><\/a><\/div><\/div>\n\n\n\n<div class=\"wp-block-column is-layout-flow wp-block-column-is-layout-flow\"><\/div>\n<\/div>\n\n\n\n<div style=\"height:16px\" aria-hidden=\"true\" class=\"wp-block-spacer\"><\/div>\n\n\n\n<hr class=\"wp-block-separator has-css-opacity alignwide is-style-wide\"\/>\n\n\n\n<div style=\"height:16px\" aria-hidden=\"true\" class=\"wp-block-spacer\"><\/div>\n<\/div>\n\n<\/li><li class=\"wp-block-post post-669 post type-post status-publish format-standard has-post-thumbnail hentry category-1-mai-2024 category-aktuelles\">\n\n<div class=\"wp-block-group is-layout-constrained wp-block-group-is-layout-constrained\"><h2 class=\"alignwide wp-block-post-title has-var-wp-custom-typography-font-size-huge-clamp-2-25-rem-4-vw-2-75-rem-font-size\"><a href=\"https:\/\/solikreis.org\/index.php\/2026\/06\/05\/prozessbegleitung-berufungsverfahren-am-landgericht\/\" target=\"_self\" >Prozessbegleitung &#8211; Berufungsverfahren am Landgericht<\/a><\/h2>\n\n<figure style=\"margin-top:calc(1.75 * var(--wp--style--block-gap))\" class=\"alignwide wp-block-post-featured-image\"><a href=\"https:\/\/solikreis.org\/index.php\/2026\/06\/05\/prozessbegleitung-berufungsverfahren-am-landgericht\/\" target=\"_self\" ><img loading=\"lazy\" decoding=\"async\" width=\"1080\" height=\"1350\" src=\"https:\/\/solikreis.org\/wp-content\/uploads\/2026\/06\/1.png\" class=\"attachment-post-thumbnail size-post-thumbnail wp-post-image\" alt=\"Prozessbegleitung &#8211; Berufungsverfahren am Landgericht\" style=\"object-fit:cover;\" srcset=\"https:\/\/solikreis.org\/wp-content\/uploads\/2026\/06\/1.png 1080w, https:\/\/solikreis.org\/wp-content\/uploads\/2026\/06\/1-240x300.png 240w, https:\/\/solikreis.org\/wp-content\/uploads\/2026\/06\/1-819x1024.png 819w, https:\/\/solikreis.org\/wp-content\/uploads\/2026\/06\/1-768x960.png 768w\" sizes=\"auto, (max-width: 1080px) 100vw, 1080px\" \/><\/a><\/figure>\n\n\n<div class=\"wp-block-columns alignwide is-layout-flex wp-container-core-columns-is-layout-f56f613f wp-block-columns-is-layout-flex\">\n<div class=\"wp-block-column is-layout-flow wp-block-column-is-layout-flow\" style=\"flex-basis:650px\"><div class=\"wp-block-post-excerpt\"><p class=\"wp-block-post-excerpt__excerpt\">Am 11. und 23. Juni findet der erste Berufungsprozess im Repressionskomplex rund um den 1.Mai 2024 statt. Kommt vorbei und unterst\u00fctz den Genossen vor Gericht! <\/p><\/div>\n\n<div style=\"font-style:italic;font-weight:400\" class=\"wp-block-post-date has-small-font-size\"><a href=\"https:\/\/solikreis.org\/index.php\/2026\/06\/05\/prozessbegleitung-berufungsverfahren-am-landgericht\/\"><time datetime=\"2026-06-05T16:20:06+00:00\">Juni 5, 2026<\/time><\/a><\/div><\/div>\n\n\n\n<div class=\"wp-block-column is-layout-flow wp-block-column-is-layout-flow\"><\/div>\n<\/div>\n\n\n\n<div style=\"height:16px\" aria-hidden=\"true\" class=\"wp-block-spacer\"><\/div>\n\n\n\n<hr class=\"wp-block-separator has-css-opacity alignwide is-style-wide\"\/>\n\n\n\n<div style=\"height:16px\" aria-hidden=\"true\" class=\"wp-block-spacer\"><\/div>\n<\/div>\n\n<\/li><li class=\"wp-block-post post-635 post type-post status-publish format-standard has-post-thumbnail hentry category-1-mai-2024 category-aktuelles\">\n\n<div class=\"wp-block-group is-layout-constrained wp-block-group-is-layout-constrained\"><h2 class=\"alignwide wp-block-post-title has-var-wp-custom-typography-font-size-huge-clamp-2-25-rem-4-vw-2-75-rem-font-size\"><a href=\"https:\/\/solikreis.org\/index.php\/2026\/05\/04\/prozesserklaerung-unseres-genossen-vom-29-04\/\" target=\"_self\" >Prozesserkl\u00e4rung unseres Genossen vom 29.04.<\/a><\/h2>\n\n<figure style=\"margin-top:calc(1.75 * var(--wp--style--block-gap))\" class=\"alignwide wp-block-post-featured-image\"><a href=\"https:\/\/solikreis.org\/index.php\/2026\/05\/04\/prozesserklaerung-unseres-genossen-vom-29-04\/\" target=\"_self\" ><img loading=\"lazy\" decoding=\"async\" width=\"1080\" height=\"1350\" src=\"https:\/\/solikreis.org\/wp-content\/uploads\/2026\/05\/1.png\" class=\"attachment-post-thumbnail size-post-thumbnail wp-post-image\" alt=\"Prozesserkl\u00e4rung unseres Genossen vom 29.04.\" style=\"object-fit:cover;\" srcset=\"https:\/\/solikreis.org\/wp-content\/uploads\/2026\/05\/1.png 1080w, https:\/\/solikreis.org\/wp-content\/uploads\/2026\/05\/1-240x300.png 240w, https:\/\/solikreis.org\/wp-content\/uploads\/2026\/05\/1-819x1024.png 819w, https:\/\/solikreis.org\/wp-content\/uploads\/2026\/05\/1-768x960.png 768w\" sizes=\"auto, (max-width: 1080px) 100vw, 1080px\" \/><\/a><\/figure>\n\n\n<div class=\"wp-block-columns alignwide is-layout-flex wp-container-core-columns-is-layout-f56f613f wp-block-columns-is-layout-flex\">\n<div class=\"wp-block-column is-layout-flow wp-block-column-is-layout-flow\" style=\"flex-basis:650px\"><div class=\"wp-block-post-excerpt\"><p class=\"wp-block-post-excerpt__excerpt\">Auch kurz vor dem 1.Mai fanden wieder Prozesse statt, die im Zusammenhang mit dem Kessel vor 2 Jahren standen. Wir m\u00f6chten hier die Prozesserkl\u00e4rung einer der Genossen teilen, die an diesem Tag vor Gericht standen: Etwa 1000 Teilnehmende folgten 2024 dem Aufruf zur revolution\u00e4ren 1.Mai-Demonstration in Stuttgart, die bereit waren an diesem Tag gegen Krieg,&hellip; <\/p><\/div>\n\n<div style=\"font-style:italic;font-weight:400\" class=\"wp-block-post-date has-small-font-size\"><a href=\"https:\/\/solikreis.org\/index.php\/2026\/05\/04\/prozesserklaerung-unseres-genossen-vom-29-04\/\"><time datetime=\"2026-05-04T12:23:08+00:00\">Mai 4, 2026<\/time><\/a><\/div><\/div>\n\n\n\n<div class=\"wp-block-column is-layout-flow wp-block-column-is-layout-flow\"><\/div>\n<\/div>\n\n\n\n<div style=\"height:16px\" aria-hidden=\"true\" class=\"wp-block-spacer\"><\/div>\n\n\n\n<hr class=\"wp-block-separator has-css-opacity alignwide is-style-wide\"\/>\n\n\n\n<div style=\"height:16px\" aria-hidden=\"true\" class=\"wp-block-spacer\"><\/div>\n<\/div>\n\n<\/li><li class=\"wp-block-post post-626 post type-post status-publish format-standard has-post-thumbnail hentry category-1-mai-2024 category-aktuelles\">\n\n<div class=\"wp-block-group is-layout-constrained wp-block-group-is-layout-constrained\"><h2 class=\"alignwide wp-block-post-title has-var-wp-custom-typography-font-size-huge-clamp-2-25-rem-4-vw-2-75-rem-font-size\"><a href=\"https:\/\/solikreis.org\/index.php\/2026\/04\/29\/aufruf-der-ueber-40-angeklagten-zur-beteiligung-an-den-1-mai-aktivitaeten\/\" target=\"_self\" >Aufruf der \u00fcber 40 Angeklagten zur Beteiligung an den 1.Mai Aktivit\u00e4ten<\/a><\/h2>\n\n<figure style=\"margin-top:calc(1.75 * var(--wp--style--block-gap))\" class=\"alignwide wp-block-post-featured-image\"><a href=\"https:\/\/solikreis.org\/index.php\/2026\/04\/29\/aufruf-der-ueber-40-angeklagten-zur-beteiligung-an-den-1-mai-aktivitaeten\/\" target=\"_self\" ><img loading=\"lazy\" decoding=\"async\" width=\"2560\" height=\"1416\" src=\"https:\/\/solikreis.org\/wp-content\/uploads\/2026\/04\/1.Mai2024.jpg\" class=\"attachment-post-thumbnail size-post-thumbnail wp-post-image\" alt=\"Aufruf der \u00fcber 40 Angeklagten zur Beteiligung an den 1.Mai Aktivit\u00e4ten\" style=\"object-fit:cover;\" srcset=\"https:\/\/solikreis.org\/wp-content\/uploads\/2026\/04\/1.Mai2024.jpg 2560w, https:\/\/solikreis.org\/wp-content\/uploads\/2026\/04\/1.Mai2024-300x166.jpg 300w, https:\/\/solikreis.org\/wp-content\/uploads\/2026\/04\/1.Mai2024-1024x566.jpg 1024w, https:\/\/solikreis.org\/wp-content\/uploads\/2026\/04\/1.Mai2024-768x425.jpg 768w, https:\/\/solikreis.org\/wp-content\/uploads\/2026\/04\/1.Mai2024-1536x850.jpg 1536w, https:\/\/solikreis.org\/wp-content\/uploads\/2026\/04\/1.Mai2024-2048x1133.jpg 2048w\" sizes=\"auto, (max-width: 2560px) 100vw, 2560px\" \/><\/a><\/figure>\n\n\n<div class=\"wp-block-columns alignwide is-layout-flex wp-container-core-columns-is-layout-f56f613f wp-block-columns-is-layout-flex\">\n<div class=\"wp-block-column is-layout-flow wp-block-column-is-layout-flow\" style=\"flex-basis:650px\"><div class=\"wp-block-post-excerpt\"><p class=\"wp-block-post-excerpt__excerpt\">Die \u00fcber 40 Angeklagten im Repressionskomplex rund um den 1.Mai 2024 rufen dazu auf sich auch dieses Jahr an den 1.Mai Aktivit\u00e4ten zu beteiligen. Jetzt erst recht! Zusammen auf der Stra\u00dfe &#8211; Zusammen vor Gericht Kommt zu den Demos: Antikapblock auf der DGB Demo: 10:00 Uhr Marktplatz Revolution\u00e4re Demo: 13:00 Uhr Kronprinzplatz <\/p><\/div>\n\n<div style=\"font-style:italic;font-weight:400\" class=\"wp-block-post-date has-small-font-size\"><a href=\"https:\/\/solikreis.org\/index.php\/2026\/04\/29\/aufruf-der-ueber-40-angeklagten-zur-beteiligung-an-den-1-mai-aktivitaeten\/\"><time datetime=\"2026-04-29T11:07:48+00:00\">April 29, 2026<\/time><\/a><\/div><\/div>\n\n\n\n<div class=\"wp-block-column is-layout-flow wp-block-column-is-layout-flow\"><\/div>\n<\/div>\n\n\n\n<div style=\"height:16px\" aria-hidden=\"true\" class=\"wp-block-spacer\"><\/div>\n\n\n\n<hr class=\"wp-block-separator has-css-opacity alignwide is-style-wide\"\/>\n\n\n\n<div style=\"height:16px\" aria-hidden=\"true\" class=\"wp-block-spacer\"><\/div>\n<\/div>\n\n<\/li><li class=\"wp-block-post post-622 post type-post status-publish format-standard has-post-thumbnail hentry category-1-mai-2024 category-aktuelles category-internationale-solidaritaet\">\n\n<div class=\"wp-block-group is-layout-constrained wp-block-group-is-layout-constrained\"><h2 class=\"alignwide wp-block-post-title has-var-wp-custom-typography-font-size-huge-clamp-2-25-rem-4-vw-2-75-rem-font-size\"><a href=\"https:\/\/solikreis.org\/index.php\/2026\/04\/24\/afd-prozess-verschoben-nur-noch-2-prozesse-am-27-04\/\" target=\"_self\" >AfD-Prozess verschoben &#8211; &#8222;Nur&#8220; noch 2 Prozesse am 27.04.<\/a><\/h2>\n\n<figure style=\"margin-top:calc(1.75 * var(--wp--style--block-gap))\" class=\"alignwide wp-block-post-featured-image\"><a href=\"https:\/\/solikreis.org\/index.php\/2026\/04\/24\/afd-prozess-verschoben-nur-noch-2-prozesse-am-27-04\/\" target=\"_self\" ><img loading=\"lazy\" decoding=\"async\" width=\"1080\" height=\"1350\" src=\"https:\/\/solikreis.org\/wp-content\/uploads\/2026\/04\/Prozess-Verschoben-27.04.jpg\" class=\"attachment-post-thumbnail size-post-thumbnail wp-post-image\" alt=\"AfD-Prozess verschoben &#8211; &#8222;Nur&#8220; noch 2 Prozesse am 27.04.\" style=\"object-fit:cover;\" srcset=\"https:\/\/solikreis.org\/wp-content\/uploads\/2026\/04\/Prozess-Verschoben-27.04.jpg 1080w, https:\/\/solikreis.org\/wp-content\/uploads\/2026\/04\/Prozess-Verschoben-27.04-240x300.jpg 240w, https:\/\/solikreis.org\/wp-content\/uploads\/2026\/04\/Prozess-Verschoben-27.04-819x1024.jpg 819w, https:\/\/solikreis.org\/wp-content\/uploads\/2026\/04\/Prozess-Verschoben-27.04-768x960.jpg 768w\" sizes=\"auto, (max-width: 1080px) 100vw, 1080px\" \/><\/a><\/figure>\n\n\n<div class=\"wp-block-columns alignwide is-layout-flex wp-container-core-columns-is-layout-f56f613f wp-block-columns-is-layout-flex\">\n<div class=\"wp-block-column is-layout-flow wp-block-column-is-layout-flow\" style=\"flex-basis:650px\"><div class=\"wp-block-post-excerpt\"><p class=\"wp-block-post-excerpt__excerpt\">Der Prozess aufgrund des Protests gegen die AfD am Kursaal wurde in den September verschoben. Aus diesem Grund finden &#8222;nur&#8220; noch 2 Prozesse am 2704. statt! Kommt zur solidarischen Prozessbegleitung! <\/p><\/div>\n\n<div style=\"font-style:italic;font-weight:400\" class=\"wp-block-post-date has-small-font-size\"><a href=\"https:\/\/solikreis.org\/index.php\/2026\/04\/24\/afd-prozess-verschoben-nur-noch-2-prozesse-am-27-04\/\"><time datetime=\"2026-04-24T15:24:20+00:00\">April 24, 2026<\/time><\/a><\/div><\/div>\n\n\n\n<div class=\"wp-block-column is-layout-flow wp-block-column-is-layout-flow\"><\/div>\n<\/div>\n\n\n\n<div style=\"height:16px\" aria-hidden=\"true\" class=\"wp-block-spacer\"><\/div>\n\n\n\n<hr class=\"wp-block-separator has-css-opacity alignwide is-style-wide\"\/>\n\n\n\n<div style=\"height:16px\" aria-hidden=\"true\" class=\"wp-block-spacer\"><\/div>\n<\/div>\n\n<\/li><li class=\"wp-block-post post-618 post type-post status-publish format-standard has-post-thumbnail hentry category-1-mai-2024 category-aktuelles category-internationale-solidaritaet\">\n\n<div class=\"wp-block-group is-layout-constrained wp-block-group-is-layout-constrained\"><h2 class=\"alignwide wp-block-post-title has-var-wp-custom-typography-font-size-huge-clamp-2-25-rem-4-vw-2-75-rem-font-size\"><a href=\"https:\/\/solikreis.org\/index.php\/2026\/04\/22\/3-prozesse-gegen-linke-am-27-04\/\" target=\"_self\" >3 Prozesse gegen Linke am 27.04.<\/a><\/h2>\n\n<figure style=\"margin-top:calc(1.75 * var(--wp--style--block-gap))\" class=\"alignwide wp-block-post-featured-image\"><a href=\"https:\/\/solikreis.org\/index.php\/2026\/04\/22\/3-prozesse-gegen-linke-am-27-04\/\" target=\"_self\" ><img loading=\"lazy\" decoding=\"async\" width=\"1080\" height=\"1350\" src=\"https:\/\/solikreis.org\/wp-content\/uploads\/2026\/04\/signal-2026-04-22-13-59-53-862.jpg\" class=\"attachment-post-thumbnail size-post-thumbnail wp-post-image\" alt=\"3 Prozesse gegen Linke am 27.04.\" style=\"object-fit:cover;\" srcset=\"https:\/\/solikreis.org\/wp-content\/uploads\/2026\/04\/signal-2026-04-22-13-59-53-862.jpg 1080w, https:\/\/solikreis.org\/wp-content\/uploads\/2026\/04\/signal-2026-04-22-13-59-53-862-240x300.jpg 240w, https:\/\/solikreis.org\/wp-content\/uploads\/2026\/04\/signal-2026-04-22-13-59-53-862-819x1024.jpg 819w, https:\/\/solikreis.org\/wp-content\/uploads\/2026\/04\/signal-2026-04-22-13-59-53-862-768x960.jpg 768w\" sizes=\"auto, (max-width: 1080px) 100vw, 1080px\" \/><\/a><\/figure>\n\n\n<div class=\"wp-block-columns alignwide is-layout-flex wp-container-core-columns-is-layout-f56f613f wp-block-columns-is-layout-flex\">\n<div class=\"wp-block-column is-layout-flow wp-block-column-is-layout-flow\" style=\"flex-basis:650px\"><div class=\"wp-block-post-excerpt\"><p class=\"wp-block-post-excerpt__excerpt\">Am 27.04. finden gleich 3 Prozesse gegen Linke in Stuttgart statt. Das zeigt auf welchem Niveau die Repression in der Region momentan ist. Doch wir stehen zusammen, auf der Stra\u00dfe &amp; vor Gericht! Unterst\u00fctzt die Genoss:innen und kommt zur solidarischen Prozessbegleitung! <\/p><\/div>\n\n<div style=\"font-style:italic;font-weight:400\" class=\"wp-block-post-date has-small-font-size\"><a href=\"https:\/\/solikreis.org\/index.php\/2026\/04\/22\/3-prozesse-gegen-linke-am-27-04\/\"><time datetime=\"2026-04-22T13:43:01+00:00\">April 22, 2026<\/time><\/a><\/div><\/div>\n\n\n\n<div class=\"wp-block-column is-layout-flow wp-block-column-is-layout-flow\"><\/div>\n<\/div>\n\n\n\n<div style=\"height:16px\" aria-hidden=\"true\" class=\"wp-block-spacer\"><\/div>\n\n\n\n<hr class=\"wp-block-separator has-css-opacity alignwide is-style-wide\"\/>\n\n\n\n<div style=\"height:16px\" aria-hidden=\"true\" class=\"wp-block-spacer\"><\/div>\n<\/div>\n\n<\/li><li class=\"wp-block-post post-610 post type-post status-publish format-standard has-post-thumbnail hentry category-1-mai-2024 category-aktuelles\">\n\n<div class=\"wp-block-group is-layout-constrained wp-block-group-is-layout-constrained\"><h2 class=\"alignwide wp-block-post-title has-var-wp-custom-typography-font-size-huge-clamp-2-25-rem-4-vw-2-75-rem-font-size\"><a href=\"https:\/\/solikreis.org\/index.php\/2026\/04\/22\/aenderung-der-uhrzeit-des-prozesses-am-27-04\/\" target=\"_self\" >\u00c4nderung der Uhrzeit des Prozesses am 27.04.<\/a><\/h2>\n\n<figure style=\"margin-top:calc(1.75 * var(--wp--style--block-gap))\" class=\"alignwide wp-block-post-featured-image\"><a href=\"https:\/\/solikreis.org\/index.php\/2026\/04\/22\/aenderung-der-uhrzeit-des-prozesses-am-27-04\/\" target=\"_self\" ><img loading=\"lazy\" decoding=\"async\" width=\"1080\" height=\"1350\" src=\"https:\/\/solikreis.org\/wp-content\/uploads\/2026\/04\/1-7-4.png\" class=\"attachment-post-thumbnail size-post-thumbnail wp-post-image\" alt=\"\u00c4nderung der Uhrzeit des Prozesses am 27.04.\" style=\"object-fit:cover;\" srcset=\"https:\/\/solikreis.org\/wp-content\/uploads\/2026\/04\/1-7-4.png 1080w, https:\/\/solikreis.org\/wp-content\/uploads\/2026\/04\/1-7-4-240x300.png 240w, https:\/\/solikreis.org\/wp-content\/uploads\/2026\/04\/1-7-4-819x1024.png 819w, https:\/\/solikreis.org\/wp-content\/uploads\/2026\/04\/1-7-4-768x960.png 768w\" sizes=\"auto, (max-width: 1080px) 100vw, 1080px\" \/><\/a><\/figure>\n\n\n<div class=\"wp-block-columns alignwide is-layout-flex wp-container-core-columns-is-layout-f56f613f wp-block-columns-is-layout-flex\">\n<div class=\"wp-block-column is-layout-flow wp-block-column-is-layout-flow\" style=\"flex-basis:650px\"><div class=\"wp-block-post-excerpt\"><p class=\"wp-block-post-excerpt__excerpt\">Der 1.Mai Prozess am 27.04. findet nicht wie bisher gedacht um 9 Uhr sondern erst um 13 Uhr statt. Kommt zur solidarischen Prozessbegleitung! <\/p><\/div>\n\n<div style=\"font-style:italic;font-weight:400\" class=\"wp-block-post-date has-small-font-size\"><a href=\"https:\/\/solikreis.org\/index.php\/2026\/04\/22\/aenderung-der-uhrzeit-des-prozesses-am-27-04\/\"><time datetime=\"2026-04-22T13:30:39+00:00\">April 22, 2026<\/time><\/a><\/div><\/div>\n\n\n\n<div class=\"wp-block-column is-layout-flow wp-block-column-is-layout-flow\"><\/div>\n<\/div>\n\n\n\n<div style=\"height:16px\" aria-hidden=\"true\" class=\"wp-block-spacer\"><\/div>\n\n\n\n<hr class=\"wp-block-separator has-css-opacity alignwide is-style-wide\"\/>\n\n\n\n<div style=\"height:16px\" aria-hidden=\"true\" class=\"wp-block-spacer\"><\/div>\n<\/div>\n\n<\/li><li class=\"wp-block-post post-575 post type-post status-publish format-standard has-post-thumbnail hentry category-1-mai-2024 category-aktuelles\">\n\n<div class=\"wp-block-group is-layout-constrained wp-block-group-is-layout-constrained\"><h2 class=\"alignwide wp-block-post-title has-var-wp-custom-typography-font-size-huge-clamp-2-25-rem-4-vw-2-75-rem-font-size\"><a href=\"https:\/\/solikreis.org\/index.php\/2026\/04\/15\/575\/\" target=\"_self\" >Prozessbegleitung im Rahmen der 1.Mai Aktivit\u00e4ten<\/a><\/h2>\n\n<figure style=\"margin-top:calc(1.75 * var(--wp--style--block-gap))\" class=\"alignwide wp-block-post-featured-image\"><a href=\"https:\/\/solikreis.org\/index.php\/2026\/04\/15\/575\/\" target=\"_self\" ><img loading=\"lazy\" decoding=\"async\" width=\"1080\" height=\"1350\" src=\"https:\/\/solikreis.org\/wp-content\/uploads\/2026\/04\/1-7.png\" class=\"attachment-post-thumbnail size-post-thumbnail wp-post-image\" alt=\"Prozessbegleitung im Rahmen der 1.Mai Aktivit\u00e4ten\" style=\"object-fit:cover;\" srcset=\"https:\/\/solikreis.org\/wp-content\/uploads\/2026\/04\/1-7.png 1080w, https:\/\/solikreis.org\/wp-content\/uploads\/2026\/04\/1-7-240x300.png 240w, https:\/\/solikreis.org\/wp-content\/uploads\/2026\/04\/1-7-819x1024.png 819w, https:\/\/solikreis.org\/wp-content\/uploads\/2026\/04\/1-7-768x960.png 768w\" sizes=\"auto, (max-width: 1080px) 100vw, 1080px\" \/><\/a><\/figure>\n\n\n<div class=\"wp-block-columns alignwide is-layout-flex wp-container-core-columns-is-layout-f56f613f wp-block-columns-is-layout-flex\">\n<div class=\"wp-block-column is-layout-flow wp-block-column-is-layout-flow\" style=\"flex-basis:650px\"><div class=\"wp-block-post-excerpt\"><p class=\"wp-block-post-excerpt__excerpt\">Rund um den diesj\u00e4hrigen 1.Mai finden wieder Prozesse aufgrund des Kessels am 1.Mai 2024 statt. Im Rahmen der diesj\u00e4hrigen Aktivit\u00e4ten m\u00f6chten wir explizit dazu aufrufen die Genoss:innen vor Gericht zu unterst\u00fctzen. Der Kessel damals und die Repression im Anschluss sind ein Angriff auf die revolution\u00e4re Bewegung in Stuttgart. Diese gilt es zu verteidigen: Auf der&hellip; <\/p><\/div>\n\n<div style=\"font-style:italic;font-weight:400\" class=\"wp-block-post-date has-small-font-size\"><a href=\"https:\/\/solikreis.org\/index.php\/2026\/04\/15\/575\/\"><time datetime=\"2026-04-15T14:59:14+00:00\">April 15, 2026<\/time><\/a><\/div><\/div>\n\n\n\n<div class=\"wp-block-column is-layout-flow wp-block-column-is-layout-flow\"><\/div>\n<\/div>\n\n\n\n<div style=\"height:16px\" aria-hidden=\"true\" class=\"wp-block-spacer\"><\/div>\n\n\n\n<hr class=\"wp-block-separator has-css-opacity alignwide is-style-wide\"\/>\n\n\n\n<div style=\"height:16px\" aria-hidden=\"true\" class=\"wp-block-spacer\"><\/div>\n<\/div>\n\n<\/li><li class=\"wp-block-post post-515 post type-post status-publish format-standard has-post-thumbnail hentry category-1-mai-2024 category-aktuelles\">\n\n<div class=\"wp-block-group is-layout-constrained wp-block-group-is-layout-constrained\"><h2 class=\"alignwide wp-block-post-title has-var-wp-custom-typography-font-size-huge-clamp-2-25-rem-4-vw-2-75-rem-font-size\"><a href=\"https:\/\/solikreis.org\/index.php\/2026\/03\/08\/prozesserklaerung-des-angeklagten-genossen-zum-ersten-prozess-im-rahmen-der-1-mai-2024-repression\/\" target=\"_self\" >Prozesserkl\u00e4rung des angeklagten Genossen zum ersten Prozess im Rahmen der 1.Mai 2024 Repression<\/a><\/h2>\n\n<figure style=\"margin-top:calc(1.75 * var(--wp--style--block-gap))\" class=\"alignwide wp-block-post-featured-image\"><a href=\"https:\/\/solikreis.org\/index.php\/2026\/03\/08\/prozesserklaerung-des-angeklagten-genossen-zum-ersten-prozess-im-rahmen-der-1-mai-2024-repression\/\" target=\"_self\" ><img loading=\"lazy\" decoding=\"async\" width=\"1080\" height=\"1350\" src=\"https:\/\/solikreis.org\/wp-content\/uploads\/2026\/03\/Prozesserklaerung-1.Mai_.png\" class=\"attachment-post-thumbnail size-post-thumbnail wp-post-image\" alt=\"Prozesserkl\u00e4rung des angeklagten Genossen zum ersten Prozess im Rahmen der 1.Mai 2024 Repression\" style=\"object-fit:cover;\" srcset=\"https:\/\/solikreis.org\/wp-content\/uploads\/2026\/03\/Prozesserklaerung-1.Mai_.png 1080w, https:\/\/solikreis.org\/wp-content\/uploads\/2026\/03\/Prozesserklaerung-1.Mai_-240x300.png 240w, https:\/\/solikreis.org\/wp-content\/uploads\/2026\/03\/Prozesserklaerung-1.Mai_-819x1024.png 819w, https:\/\/solikreis.org\/wp-content\/uploads\/2026\/03\/Prozesserklaerung-1.Mai_-768x960.png 768w\" sizes=\"auto, (max-width: 1080px) 100vw, 1080px\" \/><\/a><\/figure>\n\n\n<div class=\"wp-block-columns alignwide is-layout-flex wp-container-core-columns-is-layout-f56f613f wp-block-columns-is-layout-flex\">\n<div class=\"wp-block-column is-layout-flow wp-block-column-is-layout-flow\" style=\"flex-basis:650px\"><div class=\"wp-block-post-excerpt\"><p class=\"wp-block-post-excerpt__excerpt\">Am 26.01. fand der erste Prozess im Repressionskomplex 1.Mai 2024 statt. Die revolution\u00e4re Demonstration wurde damals brutal von der Polizei gestoppt und \u00fcber Stunden gekesselt. \u00dcber 40 Personen werden daf\u00fcr vor Gericht gezerrt. Der Genosse hat bei diesem Auftaktprozess eine k\u00e4mpferische politische Prozesserkl\u00e4rung verlesen, die wir hier teilen m\u00f6chten: Nat\u00fcrlich geht es heute nicht wirklich&hellip; <\/p><\/div>\n\n<div style=\"font-style:italic;font-weight:400\" class=\"wp-block-post-date has-small-font-size\"><a href=\"https:\/\/solikreis.org\/index.php\/2026\/03\/08\/prozesserklaerung-des-angeklagten-genossen-zum-ersten-prozess-im-rahmen-der-1-mai-2024-repression\/\"><time datetime=\"2026-03-08T13:51:37+00:00\">M\u00e4rz 8, 2026<\/time><\/a><\/div><\/div>\n\n\n\n<div class=\"wp-block-column is-layout-flow wp-block-column-is-layout-flow\"><\/div>\n<\/div>\n\n\n\n<div style=\"height:16px\" aria-hidden=\"true\" class=\"wp-block-spacer\"><\/div>\n\n\n\n<hr class=\"wp-block-separator has-css-opacity alignwide is-style-wide\"\/>\n\n\n\n<div style=\"height:16px\" aria-hidden=\"true\" class=\"wp-block-spacer\"><\/div>\n<\/div>\n\n<\/li><\/ul>\n\n<nav class=\"alignwide wp-block-query-pagination is-content-justification-space-between is-layout-flex wp-container-core-query-pagination-is-layout-e2853e1a wp-block-query-pagination-is-layout-flex\" aria-label=\"Seitennummerierung\">\n\n\n<div class=\"wp-block-query-pagination-numbers\"><span aria-current=\"page\" class=\"page-numbers current\">1<\/span>\n<a class=\"page-numbers\" href=\"?query-27-page=2\">2<\/a><\/div>\n\n<a href=\"\/index.php\/wp-json\/wp\/v2\/pages\/787?query-27-page=2\" class=\"wp-block-query-pagination-next has-small-font-size\">N\u00e4chste Seite<span class='wp-block-query-pagination-next-arrow is-arrow-arrow' aria-hidden='true'>\u2192<\/span><\/a>\n<\/nav><\/div>\n","protected":false},"excerpt":{"rendered":"","protected":false},"author":1,"featured_media":0,"parent":57,"menu_order":0,"comment_status":"closed","ping_status":"closed","template":"","meta":{"footnotes":""},"class_list":["post-787","page","type-page","status-publish","hentry"],"_links":{"self":[{"href":"https:\/\/solikreis.org\/index.php\/wp-json\/wp\/v2\/pages\/787","targetHints":{"allow":["GET"]}}],"collection":[{"href":"https:\/\/solikreis.org\/index.php\/wp-json\/wp\/v2\/pages"}],"about":[{"href":"https:\/\/solikreis.org\/index.php\/wp-json\/wp\/v2\/types\/page"}],"author":[{"embeddable":true,"href":"https:\/\/solikreis.org\/index.php\/wp-json\/wp\/v2\/users\/1"}],"replies":[{"embeddable":true,"href":"https:\/\/solikreis.org\/index.php\/wp-json\/wp\/v2\/comments?post=787"}],"version-history":[{"count":1,"href":"https:\/\/solikreis.org\/index.php\/wp-json\/wp\/v2\/pages\/787\/revisions"}],"predecessor-version":[{"id":788,"href":"https:\/\/solikreis.org\/index.php\/wp-json\/wp\/v2\/pages\/787\/revisions\/788"}],"up":[{"embeddable":true,"href":"https:\/\/solikreis.org\/index.php\/wp-json\/wp\/v2\/pages\/57"}],"wp:attachment":[{"href":"https:\/\/solikreis.org\/index.php\/wp-json\/wp\/v2\/media?parent=787"}],"curies":[{"name":"wp","href":"https:\/\/api.w.org\/{rel}","templated":true}]}}