{"id":789,"date":"2026-09-02T12:03:28","date_gmt":"2026-09-02T12:03:28","guid":{"rendered":"https:\/\/solikreis.org\/?page_id=789"},"modified":"2026-09-02T12:03:30","modified_gmt":"2026-09-02T12:03:30","slug":"material","status":"publish","type":"page","link":"https:\/\/solikreis.org\/index.php\/material\/","title":{"rendered":"Material"},"content":{"rendered":"\n<div class=\"wp-block-query alignwide is-layout-constrained wp-block-query-is-layout-constrained\"><ul class=\"alignwide wp-block-post-template is-layout-flow wp-block-post-template-is-layout-flow\"><li class=\"wp-block-post post-748 post type-post status-publish format-standard has-post-thumbnail hentry category-aktuelles category-material\">\n\n<div class=\"wp-block-group is-layout-constrained wp-block-group-is-layout-constrained\"><h2 class=\"alignwide wp-block-post-title has-var-wp-custom-typography-font-size-huge-clamp-2-25-rem-4-vw-2-75-rem-font-size\"><a href=\"https:\/\/solikreis.org\/index.php\/2026\/08\/20\/infoslides-zum-rote-hilfe-flyer-ed-behandlung\/\" target=\"_self\" >Infoslides zum Rote Hilfe Flyer &#8222;ED-Behandlung&#8220;<\/a><\/h2>\n\n<figure style=\"margin-top:calc(1.75 * var(--wp--style--block-gap))\" class=\"alignwide wp-block-post-featured-image\"><a href=\"https:\/\/solikreis.org\/index.php\/2026\/08\/20\/infoslides-zum-rote-hilfe-flyer-ed-behandlung\/\" target=\"_self\" ><img loading=\"lazy\" decoding=\"async\" width=\"1080\" height=\"1072\" src=\"https:\/\/solikreis.org\/wp-content\/uploads\/2026\/08\/1-Bearbeitet-1.png\" class=\"attachment-post-thumbnail size-post-thumbnail wp-post-image\" alt=\"Infoslides zum Rote Hilfe Flyer &#8222;ED-Behandlung&#8220;\" style=\"object-fit:cover;\" srcset=\"https:\/\/solikreis.org\/wp-content\/uploads\/2026\/08\/1-Bearbeitet-1.png 1080w, https:\/\/solikreis.org\/wp-content\/uploads\/2026\/08\/1-Bearbeitet-1-300x298.png 300w, https:\/\/solikreis.org\/wp-content\/uploads\/2026\/08\/1-Bearbeitet-1-1024x1016.png 1024w, https:\/\/solikreis.org\/wp-content\/uploads\/2026\/08\/1-Bearbeitet-1-150x150.png 150w, https:\/\/solikreis.org\/wp-content\/uploads\/2026\/08\/1-Bearbeitet-1-768x762.png 768w\" sizes=\"auto, (max-width: 1080px) 100vw, 1080px\" \/><\/a><\/figure>\n\n\n<div class=\"wp-block-columns alignwide is-layout-flex wp-container-core-columns-is-layout-f56f613f wp-block-columns-is-layout-flex\">\n<div class=\"wp-block-column is-layout-flow wp-block-column-is-layout-flow\" style=\"flex-basis:650px\"><div class=\"wp-block-post-excerpt\"><p class=\"wp-block-post-excerpt__excerpt\">Wir haben aus dem Flyer der Roten Hilfe zum Thema &#8222;ED-Behandlung&#8220; Slides f\u00fcr Social Media erstellt. Diese k\u00f6nnt ihr hier herunterladen: Alle weiteren Infos zur Roten Hilfe und den Flyer zum downloaden findet ihr auf https:\/\/rote-hilfe.de <\/p><\/div>\n\n<div style=\"font-style:italic;font-weight:400\" class=\"wp-block-post-date has-small-font-size\"><a href=\"https:\/\/solikreis.org\/index.php\/2026\/08\/20\/infoslides-zum-rote-hilfe-flyer-ed-behandlung\/\"><time datetime=\"2026-08-20T17:17:41+00:00\">August 20, 2026<\/time><\/a><\/div><\/div>\n\n\n\n<div class=\"wp-block-column is-layout-flow wp-block-column-is-layout-flow\"><\/div>\n<\/div>\n\n\n\n<div style=\"height:16px\" aria-hidden=\"true\" class=\"wp-block-spacer\"><\/div>\n\n\n\n<hr class=\"wp-block-separator has-css-opacity alignwide is-style-wide\"\/>\n\n\n\n<div style=\"height:16px\" aria-hidden=\"true\" class=\"wp-block-spacer\"><\/div>\n<\/div>\n\n<\/li><li class=\"wp-block-post post-732 post type-post status-publish format-standard has-post-thumbnail hentry category-aktuelles category-material\">\n\n<div class=\"wp-block-group is-layout-constrained wp-block-group-is-layout-constrained\"><h2 class=\"alignwide wp-block-post-title has-var-wp-custom-typography-font-size-huge-clamp-2-25-rem-4-vw-2-75-rem-font-size\"><a href=\"https:\/\/solikreis.org\/index.php\/2026\/08\/20\/infoslides-zum-rote-hilfe-flyer-strafbefehle\/\" target=\"_self\" >Infoslides zum Rote Hilfe Flyer &#8222;Strafbefehle&#8220;<\/a><\/h2>\n\n<figure style=\"margin-top:calc(1.75 * var(--wp--style--block-gap))\" class=\"alignwide wp-block-post-featured-image\"><a href=\"https:\/\/solikreis.org\/index.php\/2026\/08\/20\/infoslides-zum-rote-hilfe-flyer-strafbefehle\/\" target=\"_self\" ><img loading=\"lazy\" decoding=\"async\" width=\"1080\" height=\"1350\" src=\"https:\/\/solikreis.org\/wp-content\/uploads\/2026\/08\/Strafbefehl-Slides_bereinigt.png\" class=\"attachment-post-thumbnail size-post-thumbnail wp-post-image\" alt=\"Infoslides zum Rote Hilfe Flyer &#8222;Strafbefehle&#8220;\" style=\"object-fit:cover;\" srcset=\"https:\/\/solikreis.org\/wp-content\/uploads\/2026\/08\/Strafbefehl-Slides_bereinigt.png 1080w, https:\/\/solikreis.org\/wp-content\/uploads\/2026\/08\/Strafbefehl-Slides_bereinigt-240x300.png 240w, https:\/\/solikreis.org\/wp-content\/uploads\/2026\/08\/Strafbefehl-Slides_bereinigt-819x1024.png 819w, https:\/\/solikreis.org\/wp-content\/uploads\/2026\/08\/Strafbefehl-Slides_bereinigt-768x960.png 768w\" sizes=\"auto, (max-width: 1080px) 100vw, 1080px\" \/><\/a><\/figure>\n\n\n<div class=\"wp-block-columns alignwide is-layout-flex wp-container-core-columns-is-layout-f56f613f wp-block-columns-is-layout-flex\">\n<div class=\"wp-block-column is-layout-flow wp-block-column-is-layout-flow\" style=\"flex-basis:650px\"><div class=\"wp-block-post-excerpt\"><p class=\"wp-block-post-excerpt__excerpt\">Wir haben aus dem Flyer der Roten Hilfe zum Thema &#8222;Umgang mit Strafbefehlen&#8220; Slides f\u00fcr Social Media erstellt. Diese k\u00f6nnt ihr hier herunterladen: Alle weiteren Infos zur Roten Hilfe und den Flyer zum downloaden findet ihr auf https:\/\/rote-hilfe.de <\/p><\/div>\n\n<div style=\"font-style:italic;font-weight:400\" class=\"wp-block-post-date has-small-font-size\"><a href=\"https:\/\/solikreis.org\/index.php\/2026\/08\/20\/infoslides-zum-rote-hilfe-flyer-strafbefehle\/\"><time datetime=\"2026-08-20T17:10:07+00:00\">August 20, 2026<\/time><\/a><\/div><\/div>\n\n\n\n<div class=\"wp-block-column is-layout-flow wp-block-column-is-layout-flow\"><\/div>\n<\/div>\n\n\n\n<div style=\"height:16px\" aria-hidden=\"true\" class=\"wp-block-spacer\"><\/div>\n\n\n\n<hr class=\"wp-block-separator has-css-opacity alignwide is-style-wide\"\/>\n\n\n\n<div style=\"height:16px\" aria-hidden=\"true\" class=\"wp-block-spacer\"><\/div>\n<\/div>\n\n<\/li><li class=\"wp-block-post post-674 post type-post status-publish format-standard has-post-thumbnail hentry category-aktuelles category-material\">\n\n<div class=\"wp-block-group is-layout-constrained wp-block-group-is-layout-constrained\"><h2 class=\"alignwide wp-block-post-title has-var-wp-custom-typography-font-size-huge-clamp-2-25-rem-4-vw-2-75-rem-font-size\"><a href=\"https:\/\/solikreis.org\/index.php\/2026\/06\/05\/brochuere-des-solidaritaetskomitees-zu-majas-hungerstreik\/\" target=\"_self\" >Broch\u00fcre des Solidarit\u00e4tskomitees zu Majas Hungerstreik<\/a><\/h2>\n\n<figure style=\"margin-top:calc(1.75 * var(--wp--style--block-gap))\" class=\"alignwide wp-block-post-featured-image\"><a href=\"https:\/\/solikreis.org\/index.php\/2026\/06\/05\/brochuere-des-solidaritaetskomitees-zu-majas-hungerstreik\/\" target=\"_self\" ><img loading=\"lazy\" decoding=\"async\" width=\"1638\" height=\"2048\" src=\"https:\/\/solikreis.org\/wp-content\/uploads\/2026\/06\/maja-brochure-mockup-carousel-1-1638x2048-1.png\" class=\"attachment-post-thumbnail size-post-thumbnail wp-post-image\" alt=\"Broch\u00fcre des Solidarit\u00e4tskomitees zu Majas Hungerstreik\" style=\"object-fit:cover;\" srcset=\"https:\/\/solikreis.org\/wp-content\/uploads\/2026\/06\/maja-brochure-mockup-carousel-1-1638x2048-1.png 1638w, https:\/\/solikreis.org\/wp-content\/uploads\/2026\/06\/maja-brochure-mockup-carousel-1-1638x2048-1-240x300.png 240w, https:\/\/solikreis.org\/wp-content\/uploads\/2026\/06\/maja-brochure-mockup-carousel-1-1638x2048-1-819x1024.png 819w, https:\/\/solikreis.org\/wp-content\/uploads\/2026\/06\/maja-brochure-mockup-carousel-1-1638x2048-1-768x960.png 768w, https:\/\/solikreis.org\/wp-content\/uploads\/2026\/06\/maja-brochure-mockup-carousel-1-1638x2048-1-1229x1536.png 1229w\" sizes=\"auto, (max-width: 1638px) 100vw, 1638px\" \/><\/a><\/figure>\n\n\n<div class=\"wp-block-columns alignwide is-layout-flex wp-container-core-columns-is-layout-f56f613f wp-block-columns-is-layout-flex\">\n<div class=\"wp-block-column is-layout-flow wp-block-column-is-layout-flow\" style=\"flex-basis:650px\"><div class=\"wp-block-post-excerpt\"><p class=\"wp-block-post-excerpt__excerpt\">Das Solidarit\u00e4tskomitee welches die Soliarbeit f\u00fcr Maja organisiert hat eine lesenswerte Broch\u00fcre \u00fcber die Zeit von Majas Hungerstreik ver\u00f6ffentlicht. Darin ist nicht nur eine Chronologie der Ereignisse und Solidarit\u00e4tsaktionen erhalten sondern auch eine Auswertung \u00fcber die Arbeit und zum Widerstandsmittel Hungerstreik. Gerade in der heutigen Zeit, in der Hungerstreiks politischer Aktivist:innen in der deutschen Linken&hellip; <\/p><\/div>\n\n<div style=\"font-style:italic;font-weight:400\" class=\"wp-block-post-date has-small-font-size\"><a href=\"https:\/\/solikreis.org\/index.php\/2026\/06\/05\/brochuere-des-solidaritaetskomitees-zu-majas-hungerstreik\/\"><time datetime=\"2026-06-05T16:26:53+00:00\">Juni 5, 2026<\/time><\/a><\/div><\/div>\n\n\n\n<div class=\"wp-block-column is-layout-flow wp-block-column-is-layout-flow\"><\/div>\n<\/div>\n\n\n\n<div style=\"height:16px\" aria-hidden=\"true\" class=\"wp-block-spacer\"><\/div>\n\n\n\n<hr class=\"wp-block-separator has-css-opacity alignwide is-style-wide\"\/>\n\n\n\n<div style=\"height:16px\" aria-hidden=\"true\" class=\"wp-block-spacer\"><\/div>\n<\/div>\n\n<\/li><li class=\"wp-block-post post-663 post type-post status-publish format-standard has-post-thumbnail hentry category-aktuelles category-material\">\n\n<div class=\"wp-block-group is-layout-constrained wp-block-group-is-layout-constrained\"><h2 class=\"alignwide wp-block-post-title has-var-wp-custom-typography-font-size-huge-clamp-2-25-rem-4-vw-2-75-rem-font-size\"><a href=\"https:\/\/solikreis.org\/index.php\/2026\/06\/04\/artikel-zum-stuttgarter-polizeiproblem-im-lokalen-einleger-der-1-mai-zeitung\/\" target=\"_self\" >Artikel zum &#8222;Stuttgarter Polizeiproblem&#8220; im lokalen Einleger der 1.Mai Zeitung<\/a><\/h2>\n\n<figure style=\"margin-top:calc(1.75 * var(--wp--style--block-gap))\" class=\"alignwide wp-block-post-featured-image\"><a href=\"https:\/\/solikreis.org\/index.php\/2026\/06\/04\/artikel-zum-stuttgarter-polizeiproblem-im-lokalen-einleger-der-1-mai-zeitung\/\" target=\"_self\" ><img loading=\"lazy\" decoding=\"async\" width=\"1203\" height=\"843\" src=\"https:\/\/solikreis.org\/wp-content\/uploads\/2026\/06\/Einleger-1.Mai-Zeitung.png\" class=\"attachment-post-thumbnail size-post-thumbnail wp-post-image\" alt=\"Artikel zum &#8222;Stuttgarter Polizeiproblem&#8220; im lokalen Einleger der 1.Mai Zeitung\" style=\"object-fit:cover;\" srcset=\"https:\/\/solikreis.org\/wp-content\/uploads\/2026\/06\/Einleger-1.Mai-Zeitung.png 1203w, https:\/\/solikreis.org\/wp-content\/uploads\/2026\/06\/Einleger-1.Mai-Zeitung-300x210.png 300w, https:\/\/solikreis.org\/wp-content\/uploads\/2026\/06\/Einleger-1.Mai-Zeitung-1024x718.png 1024w, https:\/\/solikreis.org\/wp-content\/uploads\/2026\/06\/Einleger-1.Mai-Zeitung-768x538.png 768w\" sizes=\"auto, (max-width: 1203px) 100vw, 1203px\" \/><\/a><\/figure>\n\n\n<div class=\"wp-block-columns alignwide is-layout-flex wp-container-core-columns-is-layout-f56f613f wp-block-columns-is-layout-flex\">\n<div class=\"wp-block-column is-layout-flow wp-block-column-is-layout-flow\" style=\"flex-basis:650px\"><div class=\"wp-block-post-excerpt\"><p class=\"wp-block-post-excerpt__excerpt\">In der 1.Mai Zeitung von Perspektive Kommunismus befand sich auch dieses Jahr ein Einleger der Revolution\u00e4ren Aktion Stuttgart zu lokalen Themen rund um unsere Stadt und Region. Ein Artikel befasste sich unter dem Titel &#8222;Hat Stuttgart ein Polizeiproblem?&#8220; mit der zunehmenden Repression durch die Polizei und die Hintergr\u00fcnde dieser Entwicklung. Den ganzen Einleger, mit dem&hellip; <\/p><\/div>\n\n<div style=\"font-style:italic;font-weight:400\" class=\"wp-block-post-date has-small-font-size\"><a href=\"https:\/\/solikreis.org\/index.php\/2026\/06\/04\/artikel-zum-stuttgarter-polizeiproblem-im-lokalen-einleger-der-1-mai-zeitung\/\"><time datetime=\"2026-06-04T14:54:04+00:00\">Juni 4, 2026<\/time><\/a><\/div><\/div>\n\n\n\n<div class=\"wp-block-column is-layout-flow wp-block-column-is-layout-flow\"><\/div>\n<\/div>\n\n\n\n<div style=\"height:16px\" aria-hidden=\"true\" class=\"wp-block-spacer\"><\/div>\n\n\n\n<hr class=\"wp-block-separator has-css-opacity alignwide is-style-wide\"\/>\n\n\n\n<div style=\"height:16px\" aria-hidden=\"true\" class=\"wp-block-spacer\"><\/div>\n<\/div>\n\n<\/li><li class=\"wp-block-post post-585 post type-post status-publish format-standard has-post-thumbnail hentry category-aktuelles category-material\">\n\n<div class=\"wp-block-group is-layout-constrained wp-block-group-is-layout-constrained\"><h2 class=\"alignwide wp-block-post-title has-var-wp-custom-typography-font-size-huge-clamp-2-25-rem-4-vw-2-75-rem-font-size\"><a href=\"https:\/\/solikreis.org\/index.php\/2026\/04\/15\/artikel-zum-thema-repression-in-der-1-mai-zeitung-von-perspektive-kommunismus\/\" target=\"_self\" >Artikel zum Thema Repression in der 1.Mai Zeitung von Perspektive Kommunismus<\/a><\/h2>\n\n<figure style=\"margin-top:calc(1.75 * var(--wp--style--block-gap))\" class=\"alignwide wp-block-post-featured-image\"><a href=\"https:\/\/solikreis.org\/index.php\/2026\/04\/15\/artikel-zum-thema-repression-in-der-1-mai-zeitung-von-perspektive-kommunismus\/\" target=\"_self\" ><img loading=\"lazy\" decoding=\"async\" width=\"453\" height=\"640\" src=\"https:\/\/solikreis.org\/wp-content\/uploads\/2026\/04\/1.Mai-Zeitung.png\" class=\"attachment-post-thumbnail size-post-thumbnail wp-post-image\" alt=\"Artikel zum Thema Repression in der 1.Mai Zeitung von Perspektive Kommunismus\" style=\"object-fit:cover;\" srcset=\"https:\/\/solikreis.org\/wp-content\/uploads\/2026\/04\/1.Mai-Zeitung.png 453w, https:\/\/solikreis.org\/wp-content\/uploads\/2026\/04\/1.Mai-Zeitung-212x300.png 212w\" sizes=\"auto, (max-width: 453px) 100vw, 453px\" \/><\/a><\/figure>\n\n\n<div class=\"wp-block-columns alignwide is-layout-flex wp-container-core-columns-is-layout-f56f613f wp-block-columns-is-layout-flex\">\n<div class=\"wp-block-column is-layout-flow wp-block-column-is-layout-flow\" style=\"flex-basis:650px\"><div class=\"wp-block-post-excerpt\"><p class=\"wp-block-post-excerpt__excerpt\">In der diesj\u00e4hrigen 1.Mai Zeitung von &#8222;Perspektive Kommunismus&#8220; finden sich mehrere Artikel zum Thema Repression wieder, welche wir hier spiegeln m\u00f6chten. Im ersten Text wird die zunehmende Repression gegen fortschrittliche Bewegungen und all jene die sich gegen Aufr\u00fcstung, Rechtsentwicklung und Kriege einsetzen thematisiert: Desweiteren gibt es einen Artikel mit dem Namen &#8222;\u00dcberwachung, KI und Tech-Faschismus&#8220;.&hellip; <\/p><\/div>\n\n<div style=\"font-style:italic;font-weight:400\" class=\"wp-block-post-date has-small-font-size\"><a href=\"https:\/\/solikreis.org\/index.php\/2026\/04\/15\/artikel-zum-thema-repression-in-der-1-mai-zeitung-von-perspektive-kommunismus\/\"><time datetime=\"2026-04-15T15:30:39+00:00\">April 15, 2026<\/time><\/a><\/div><\/div>\n\n\n\n<div class=\"wp-block-column is-layout-flow wp-block-column-is-layout-flow\"><\/div>\n<\/div>\n\n\n\n<div style=\"height:16px\" aria-hidden=\"true\" class=\"wp-block-spacer\"><\/div>\n\n\n\n<hr class=\"wp-block-separator has-css-opacity alignwide is-style-wide\"\/>\n\n\n\n<div style=\"height:16px\" aria-hidden=\"true\" class=\"wp-block-spacer\"><\/div>\n<\/div>\n\n<\/li><li class=\"wp-block-post post-568 post type-post status-publish format-standard has-post-thumbnail hentry category-aktuelles category-material\">\n\n<div class=\"wp-block-group is-layout-constrained wp-block-group-is-layout-constrained\"><h2 class=\"alignwide wp-block-post-title has-var-wp-custom-typography-font-size-huge-clamp-2-25-rem-4-vw-2-75-rem-font-size\"><a href=\"https:\/\/solikreis.org\/index.php\/2026\/03\/18\/infoslides-zu-daniela-klette\/\" target=\"_self\" >Infoslides zu Daniela Klette<\/a><\/h2>\n\n<figure style=\"margin-top:calc(1.75 * var(--wp--style--block-gap))\" class=\"alignwide wp-block-post-featured-image\"><a href=\"https:\/\/solikreis.org\/index.php\/2026\/03\/18\/infoslides-zu-daniela-klette\/\" target=\"_self\" ><img loading=\"lazy\" decoding=\"async\" width=\"1080\" height=\"1350\" src=\"https:\/\/solikreis.org\/wp-content\/uploads\/2026\/04\/1-2.png\" class=\"attachment-post-thumbnail size-post-thumbnail wp-post-image\" alt=\"Infoslides zu Daniela Klette\" style=\"object-fit:cover;\" srcset=\"https:\/\/solikreis.org\/wp-content\/uploads\/2026\/04\/1-2.png 1080w, https:\/\/solikreis.org\/wp-content\/uploads\/2026\/04\/1-2-240x300.png 240w, https:\/\/solikreis.org\/wp-content\/uploads\/2026\/04\/1-2-819x1024.png 819w, https:\/\/solikreis.org\/wp-content\/uploads\/2026\/04\/1-2-768x960.png 768w\" sizes=\"auto, (max-width: 1080px) 100vw, 1080px\" \/><\/a><\/figure>\n\n\n<div class=\"wp-block-columns alignwide is-layout-flex wp-container-core-columns-is-layout-f56f613f wp-block-columns-is-layout-flex\">\n<div class=\"wp-block-column is-layout-flow wp-block-column-is-layout-flow\" style=\"flex-basis:650px\"><div class=\"wp-block-post-excerpt\"><p class=\"wp-block-post-excerpt__excerpt\">Im Rahmen der Aktivit\u00e4ten zum 18.03. dem Tag der politischen Gefangenen haben wir eine Stellwand und Slides zu Daniela Klette und der Repression gegen sie erstellt. Momentan finden die Prozesse gegen sie statt. Unterst\u00fctzt sie vor Gericht und schreibt ihr Briefe! <\/p><\/div>\n\n<div style=\"font-style:italic;font-weight:400\" class=\"wp-block-post-date has-small-font-size\"><a href=\"https:\/\/solikreis.org\/index.php\/2026\/03\/18\/infoslides-zu-daniela-klette\/\"><time datetime=\"2026-03-18T13:12:00+00:00\">M\u00e4rz 18, 2026<\/time><\/a><\/div><\/div>\n\n\n\n<div class=\"wp-block-column is-layout-flow wp-block-column-is-layout-flow\"><\/div>\n<\/div>\n\n\n\n<div style=\"height:16px\" aria-hidden=\"true\" class=\"wp-block-spacer\"><\/div>\n\n\n\n<hr class=\"wp-block-separator has-css-opacity alignwide is-style-wide\"\/>\n\n\n\n<div style=\"height:16px\" aria-hidden=\"true\" class=\"wp-block-spacer\"><\/div>\n<\/div>\n\n<\/li><li class=\"wp-block-post post-559 post type-post status-publish format-standard has-post-thumbnail hentry category-aktuelles category-internationale-solidaritaet category-material\">\n\n<div class=\"wp-block-group is-layout-constrained wp-block-group-is-layout-constrained\"><h2 class=\"alignwide wp-block-post-title has-var-wp-custom-typography-font-size-huge-clamp-2-25-rem-4-vw-2-75-rem-font-size\"><a href=\"https:\/\/solikreis.org\/index.php\/2026\/03\/16\/infoslides-zu-den-ulm-5\/\" target=\"_self\" >Infoslides zu den Ulm 5<\/a><\/h2>\n\n<figure style=\"margin-top:calc(1.75 * var(--wp--style--block-gap))\" class=\"alignwide wp-block-post-featured-image\"><a href=\"https:\/\/solikreis.org\/index.php\/2026\/03\/16\/infoslides-zu-den-ulm-5\/\" target=\"_self\" ><img loading=\"lazy\" decoding=\"async\" width=\"1080\" height=\"1350\" src=\"https:\/\/solikreis.org\/wp-content\/uploads\/2026\/04\/1.png\" class=\"attachment-post-thumbnail size-post-thumbnail wp-post-image\" alt=\"Infoslides zu den Ulm 5\" style=\"object-fit:cover;\" srcset=\"https:\/\/solikreis.org\/wp-content\/uploads\/2026\/04\/1.png 1080w, https:\/\/solikreis.org\/wp-content\/uploads\/2026\/04\/1-240x300.png 240w, https:\/\/solikreis.org\/wp-content\/uploads\/2026\/04\/1-819x1024.png 819w, https:\/\/solikreis.org\/wp-content\/uploads\/2026\/04\/1-768x960.png 768w\" sizes=\"auto, (max-width: 1080px) 100vw, 1080px\" \/><\/a><\/figure>\n\n\n<div class=\"wp-block-columns alignwide is-layout-flex wp-container-core-columns-is-layout-f56f613f wp-block-columns-is-layout-flex\">\n<div class=\"wp-block-column is-layout-flow wp-block-column-is-layout-flow\" style=\"flex-basis:650px\"><div class=\"wp-block-post-excerpt\"><p class=\"wp-block-post-excerpt__excerpt\">Im Rahmen der Aktivit\u00e4ten zum 18.03. dem Tag der politischen Gefangenen haben wir eine Stellwand und Infoslides zu den Ulm 5 erstellt. Am 27.04. beginnt der Prozess gegen die Aktivist:innen. Zeigt eure Solidarit\u00e4t und unterst\u00fctzt sie vor Gericht! <\/p><\/div>\n\n<div style=\"font-style:italic;font-weight:400\" class=\"wp-block-post-date has-small-font-size\"><a href=\"https:\/\/solikreis.org\/index.php\/2026\/03\/16\/infoslides-zu-den-ulm-5\/\"><time datetime=\"2026-03-16T13:12:00+00:00\">M\u00e4rz 16, 2026<\/time><\/a><\/div><\/div>\n\n\n\n<div class=\"wp-block-column is-layout-flow wp-block-column-is-layout-flow\"><\/div>\n<\/div>\n\n\n\n<div style=\"height:16px\" aria-hidden=\"true\" class=\"wp-block-spacer\"><\/div>\n\n\n\n<hr class=\"wp-block-separator has-css-opacity alignwide is-style-wide\"\/>\n\n\n\n<div style=\"height:16px\" aria-hidden=\"true\" class=\"wp-block-spacer\"><\/div>\n<\/div>\n\n<\/li><li class=\"wp-block-post post-517 post type-post status-publish format-standard has-post-thumbnail hentry category-aktuelles category-krawallnacht-bleibt-legitim category-material\">\n\n<div class=\"wp-block-group is-layout-constrained wp-block-group-is-layout-constrained\"><h2 class=\"alignwide wp-block-post-title has-var-wp-custom-typography-font-size-huge-clamp-2-25-rem-4-vw-2-75-rem-font-size\"><a href=\"https:\/\/solikreis.org\/index.php\/2026\/03\/10\/artikel-in-der-18-03-zeitung\/\" target=\"_self\" >Artikel in der 18.03. Zeitung<\/a><\/h2>\n\n<figure style=\"margin-top:calc(1.75 * var(--wp--style--block-gap))\" class=\"alignwide wp-block-post-featured-image\"><a href=\"https:\/\/solikreis.org\/index.php\/2026\/03\/10\/artikel-in-der-18-03-zeitung\/\" target=\"_self\" ><img loading=\"lazy\" decoding=\"async\" width=\"2560\" height=\"2048\" src=\"https:\/\/solikreis.org\/wp-content\/uploads\/2026\/03\/Bild-Nico-scaled.jpg\" class=\"attachment-post-thumbnail size-post-thumbnail wp-post-image\" alt=\"Artikel in der 18.03. Zeitung\" style=\"object-fit:cover;\" srcset=\"https:\/\/solikreis.org\/wp-content\/uploads\/2026\/03\/Bild-Nico-scaled.jpg 2560w, https:\/\/solikreis.org\/wp-content\/uploads\/2026\/03\/Bild-Nico-300x240.jpg 300w, https:\/\/solikreis.org\/wp-content\/uploads\/2026\/03\/Bild-Nico-1024x819.jpg 1024w, https:\/\/solikreis.org\/wp-content\/uploads\/2026\/03\/Bild-Nico-768x614.jpg 768w, https:\/\/solikreis.org\/wp-content\/uploads\/2026\/03\/Bild-Nico-1536x1229.jpg 1536w, https:\/\/solikreis.org\/wp-content\/uploads\/2026\/03\/Bild-Nico-2048x1638.jpg 2048w\" sizes=\"auto, (max-width: 2560px) 100vw, 2560px\" \/><\/a><\/figure>\n\n\n<div class=\"wp-block-columns alignwide is-layout-flex wp-container-core-columns-is-layout-f56f613f wp-block-columns-is-layout-flex\">\n<div class=\"wp-block-column is-layout-flow wp-block-column-is-layout-flow\" style=\"flex-basis:650px\"><div class=\"wp-block-post-excerpt\"><p class=\"wp-block-post-excerpt__excerpt\">Als Solikreis durften wir f\u00fcr die diesj\u00e4hrige 18.03. Zeitung der Roten Hilfe zum Tag der Politischen Gefangenen eine Artikel besteuern. Inhaltlich geht es um die Erfahrungen mit Nico im Offenen Vollzug und der Versuch einer Einsch\u00e4tzung. Den Artikel k\u00f6nnt ihr hier lesen, die komplette Zeitung findet ihr unten: Das System \u201eoffener Vollzug\u201c \u2013 Fluch und&hellip; <\/p><\/div>\n\n<div style=\"font-style:italic;font-weight:400\" class=\"wp-block-post-date has-small-font-size\"><a href=\"https:\/\/solikreis.org\/index.php\/2026\/03\/10\/artikel-in-der-18-03-zeitung\/\"><time datetime=\"2026-03-10T13:12:59+00:00\">M\u00e4rz 10, 2026<\/time><\/a><\/div><\/div>\n\n\n\n<div class=\"wp-block-column is-layout-flow wp-block-column-is-layout-flow\"><\/div>\n<\/div>\n\n\n\n<div style=\"height:16px\" aria-hidden=\"true\" class=\"wp-block-spacer\"><\/div>\n\n\n\n<hr class=\"wp-block-separator has-css-opacity alignwide is-style-wide\"\/>\n\n\n\n<div style=\"height:16px\" aria-hidden=\"true\" class=\"wp-block-spacer\"><\/div>\n<\/div>\n\n<\/li><li class=\"wp-block-post post-488 post type-post status-publish format-standard has-post-thumbnail hentry category-aktuelles category-material\">\n\n<div class=\"wp-block-group is-layout-constrained wp-block-group-is-layout-constrained\"><h2 class=\"alignwide wp-block-post-title has-var-wp-custom-typography-font-size-huge-clamp-2-25-rem-4-vw-2-75-rem-font-size\"><a href=\"https:\/\/solikreis.org\/index.php\/2026\/02\/08\/vermehrt-anquatschversuche-in-der-region\/\" target=\"_self\" >Infoslides zu vermehrten Anquatschversuchen in der Region!<\/a><\/h2>\n\n<figure style=\"margin-top:calc(1.75 * var(--wp--style--block-gap))\" class=\"alignwide wp-block-post-featured-image\"><a href=\"https:\/\/solikreis.org\/index.php\/2026\/02\/08\/vermehrt-anquatschversuche-in-der-region\/\" target=\"_self\" ><img loading=\"lazy\" decoding=\"async\" width=\"1080\" height=\"1350\" src=\"https:\/\/solikreis.org\/wp-content\/uploads\/2026\/02\/1.png\" class=\"attachment-post-thumbnail size-post-thumbnail wp-post-image\" alt=\"Infoslides zu vermehrten Anquatschversuchen in der Region!\" style=\"object-fit:cover;\" srcset=\"https:\/\/solikreis.org\/wp-content\/uploads\/2026\/02\/1.png 1080w, https:\/\/solikreis.org\/wp-content\/uploads\/2026\/02\/1-240x300.png 240w, https:\/\/solikreis.org\/wp-content\/uploads\/2026\/02\/1-819x1024.png 819w, https:\/\/solikreis.org\/wp-content\/uploads\/2026\/02\/1-768x960.png 768w\" sizes=\"auto, (max-width: 1080px) 100vw, 1080px\" \/><\/a><\/figure>\n\n\n<div class=\"wp-block-columns alignwide is-layout-flex wp-container-core-columns-is-layout-f56f613f wp-block-columns-is-layout-flex\">\n<div class=\"wp-block-column is-layout-flow wp-block-column-is-layout-flow\" style=\"flex-basis:650px\"><div class=\"wp-block-post-excerpt\"><p class=\"wp-block-post-excerpt__excerpt\">In letzter Zeit kam es in Baden-W\u00fcrttemberg, zuletzt in T\u00fcbingen zu Anquatschversuchen durch die Repressionsbeh\u00f6rden. Um handlungsf\u00e4hig zu sein und um sich nicht \u00fcberrumpeln zu lassen haben wir hier nochmal die wichtigsten Informationen und Handlungsempfehlungen zusammengestellt. Wenn ihr etwas mitbekommt, dann geht zur Roten Hilfe und sprecht mit euren Genoss:innen. Ihr k\u00f6nnt die Slides hier&hellip; <\/p><\/div>\n\n<div style=\"font-style:italic;font-weight:400\" class=\"wp-block-post-date has-small-font-size\"><a href=\"https:\/\/solikreis.org\/index.php\/2026\/02\/08\/vermehrt-anquatschversuche-in-der-region\/\"><time datetime=\"2026-02-08T13:12:00+00:00\">Februar 8, 2026<\/time><\/a><\/div><\/div>\n\n\n\n<div class=\"wp-block-column is-layout-flow wp-block-column-is-layout-flow\"><\/div>\n<\/div>\n\n\n\n<div style=\"height:16px\" aria-hidden=\"true\" class=\"wp-block-spacer\"><\/div>\n\n\n\n<hr class=\"wp-block-separator has-css-opacity alignwide is-style-wide\"\/>\n\n\n\n<div style=\"height:16px\" aria-hidden=\"true\" class=\"wp-block-spacer\"><\/div>\n<\/div>\n\n<\/li><li class=\"wp-block-post post-155 post type-post status-publish format-standard has-post-thumbnail hentry category-aktuelles category-material\">\n\n<div class=\"wp-block-group is-layout-constrained wp-block-group-is-layout-constrained\"><h2 class=\"alignwide wp-block-post-title has-var-wp-custom-typography-font-size-huge-clamp-2-25-rem-4-vw-2-75-rem-font-size\"><a href=\"https:\/\/solikreis.org\/index.php\/2025\/06\/10\/wandzeitungen-in-solidaritaet-mit-dem-hungerstreik-von-maja\/\" target=\"_self\" >Wandzeitungen in Solidarit\u00e4t mit dem Hungerstreik von Maja<\/a><\/h2>\n\n<figure style=\"margin-top:calc(1.75 * var(--wp--style--block-gap))\" class=\"alignwide wp-block-post-featured-image\"><a href=\"https:\/\/solikreis.org\/index.php\/2025\/06\/10\/wandzeitungen-in-solidaritaet-mit-dem-hungerstreik-von-maja\/\" target=\"_self\" ><img loading=\"lazy\" decoding=\"async\" width=\"2560\" height=\"1207\" src=\"https:\/\/solikreis.org\/wp-content\/uploads\/2025\/09\/Wandzeitung-Maja-scaled.jpg\" class=\"attachment-post-thumbnail size-post-thumbnail wp-post-image\" alt=\"Wandzeitungen in Solidarit\u00e4t mit dem Hungerstreik von Maja\" style=\"object-fit:cover;\" srcset=\"https:\/\/solikreis.org\/wp-content\/uploads\/2025\/09\/Wandzeitung-Maja-scaled.jpg 2560w, https:\/\/solikreis.org\/wp-content\/uploads\/2025\/09\/Wandzeitung-Maja-300x141.jpg 300w, https:\/\/solikreis.org\/wp-content\/uploads\/2025\/09\/Wandzeitung-Maja-1024x483.jpg 1024w, https:\/\/solikreis.org\/wp-content\/uploads\/2025\/09\/Wandzeitung-Maja-768x362.jpg 768w, https:\/\/solikreis.org\/wp-content\/uploads\/2025\/09\/Wandzeitung-Maja-1536x724.jpg 1536w, https:\/\/solikreis.org\/wp-content\/uploads\/2025\/09\/Wandzeitung-Maja-2048x965.jpg 2048w\" sizes=\"auto, (max-width: 2560px) 100vw, 2560px\" \/><\/a><\/figure>\n\n\n<div class=\"wp-block-columns alignwide is-layout-flex wp-container-core-columns-is-layout-f56f613f wp-block-columns-is-layout-flex\">\n<div class=\"wp-block-column is-layout-flow wp-block-column-is-layout-flow\" style=\"flex-basis:650px\"><div class=\"wp-block-post-excerpt\"><p class=\"wp-block-post-excerpt__excerpt\">Seit ein paar Tagen befindet sich Maja im Hungerstreik.In Solidarit\u00e4t haben wir eine Wandzeitung erstellt, in der sowohl auf den &#8222;Budapest Komplex&#8220; als auch auf die Haftbedingungen in Ungarn, sowie den Hungerstreik als Form des Widerstands eingegangen wird.Um auf das Thema in der \u00d6ffentlichkeit aufmerksam zu machen haben wir die Wandzeitungen an zentralen Orten und&hellip; <\/p><\/div>\n\n<div style=\"font-style:italic;font-weight:400\" class=\"wp-block-post-date has-small-font-size\"><a href=\"https:\/\/solikreis.org\/index.php\/2025\/06\/10\/wandzeitungen-in-solidaritaet-mit-dem-hungerstreik-von-maja\/\"><time datetime=\"2025-06-10T13:12:00+00:00\">Juni 10, 2025<\/time><\/a><\/div><\/div>\n\n\n\n<div class=\"wp-block-column is-layout-flow wp-block-column-is-layout-flow\"><\/div>\n<\/div>\n\n\n\n<div style=\"height:16px\" aria-hidden=\"true\" class=\"wp-block-spacer\"><\/div>\n\n\n\n<hr class=\"wp-block-separator has-css-opacity alignwide is-style-wide\"\/>\n\n\n\n<div style=\"height:16px\" aria-hidden=\"true\" class=\"wp-block-spacer\"><\/div>\n<\/div>\n\n<\/li><\/ul>\n\n<nav class=\"alignwide wp-block-query-pagination is-content-justification-space-between is-layout-flex wp-container-core-query-pagination-is-layout-e2853e1a wp-block-query-pagination-is-layout-flex\" aria-label=\"Seitennummerierung\">\n\n\n<div class=\"wp-block-query-pagination-numbers\"><span aria-current=\"page\" class=\"page-numbers current\">1<\/span>\n<a class=\"page-numbers\" href=\"?query-27-page=2\">2<\/a><\/div>\n\n<a href=\"\/index.php\/wp-json\/wp\/v2\/pages\/789?query-27-page=2\" class=\"wp-block-query-pagination-next has-small-font-size\">N\u00e4chste Seite<span class='wp-block-query-pagination-next-arrow is-arrow-arrow' aria-hidden='true'>\u2192<\/span><\/a>\n<\/nav><\/div>\n","protected":false},"excerpt":{"rendered":"","protected":false},"author":1,"featured_media":0,"parent":0,"menu_order":0,"comment_status":"closed","ping_status":"closed","template":"","meta":{"footnotes":""},"class_list":["post-789","page","type-page","status-publish","hentry"],"_links":{"self":[{"href":"https:\/\/solikreis.org\/index.php\/wp-json\/wp\/v2\/pages\/789","targetHints":{"allow":["GET"]}}],"collection":[{"href":"https:\/\/solikreis.org\/index.php\/wp-json\/wp\/v2\/pages"}],"about":[{"href":"https:\/\/solikreis.org\/index.php\/wp-json\/wp\/v2\/types\/page"}],"author":[{"embeddable":true,"href":"https:\/\/solikreis.org\/index.php\/wp-json\/wp\/v2\/users\/1"}],"replies":[{"embeddable":true,"href":"https:\/\/solikreis.org\/index.php\/wp-json\/wp\/v2\/comments?post=789"}],"version-history":[{"count":1,"href":"https:\/\/solikreis.org\/index.php\/wp-json\/wp\/v2\/pages\/789\/revisions"}],"predecessor-version":[{"id":790,"href":"https:\/\/solikreis.org\/index.php\/wp-json\/wp\/v2\/pages\/789\/revisions\/790"}],"wp:attachment":[{"href":"https:\/\/solikreis.org\/index.php\/wp-json\/wp\/v2\/media?parent=789"}],"curies":[{"name":"wp","href":"https:\/\/api.w.org\/{rel}","templated":true}]}}