{"id":850,"date":"2026-09-03T08:57:58","date_gmt":"2026-09-03T08:57:58","guid":{"rendered":"https:\/\/solikreis.org\/?page_id=850"},"modified":"2026-09-03T09:05:04","modified_gmt":"2026-09-03T09:05:04","slug":"ulm-5","status":"publish","type":"page","link":"https:\/\/solikreis.org\/index.php\/repressionsfaelle\/ulm-5\/","title":{"rendered":"Ulm 5"},"content":{"rendered":"\n<div class=\"wp-block-query alignwide is-layout-constrained wp-block-query-is-layout-constrained\"><ul class=\"alignwide wp-block-post-template is-layout-flow wp-block-post-template-is-layout-flow\"><li class=\"wp-block-post post-847 post type-post status-publish format-standard has-post-thumbnail hentry category-aktuelles category-internationale-solidaritaet category-ulm-5\">\n\n<div class=\"wp-block-group is-layout-constrained wp-block-group-is-layout-constrained\"><h2 class=\"alignwide wp-block-post-title has-var-wp-custom-typography-font-size-huge-clamp-2-25-rem-4-vw-2-75-rem-font-size\"><a href=\"https:\/\/solikreis.org\/index.php\/2026\/09\/03\/bundesweite-ulm-5-demo-in-stuttgart-am-24-10\/\" target=\"_self\" >Bundesweite Ulm 5 Demo in Stuttgart am 24.10.<\/a><\/h2>\n\n<figure style=\"margin-top:calc(1.75 * var(--wp--style--block-gap))\" class=\"alignwide wp-block-post-featured-image\"><a href=\"https:\/\/solikreis.org\/index.php\/2026\/09\/03\/bundesweite-ulm-5-demo-in-stuttgart-am-24-10\/\" target=\"_self\" ><img loading=\"lazy\" decoding=\"async\" width=\"1170\" height=\"1460\" src=\"https:\/\/solikreis.org\/wp-content\/uploads\/2026\/09\/Ulm-5.jpg\" class=\"attachment-post-thumbnail size-post-thumbnail wp-post-image\" alt=\"Bundesweite Ulm 5 Demo in Stuttgart am 24.10.\" style=\"object-fit:cover;\" srcset=\"https:\/\/solikreis.org\/wp-content\/uploads\/2026\/09\/Ulm-5.jpg 1170w, https:\/\/solikreis.org\/wp-content\/uploads\/2026\/09\/Ulm-5-240x300.jpg 240w, https:\/\/solikreis.org\/wp-content\/uploads\/2026\/09\/Ulm-5-821x1024.jpg 821w, https:\/\/solikreis.org\/wp-content\/uploads\/2026\/09\/Ulm-5-768x958.jpg 768w\" sizes=\"auto, (max-width: 1170px) 100vw, 1170px\" \/><\/a><\/figure>\n\n\n<div class=\"wp-block-columns alignwide is-layout-flex wp-container-core-columns-is-layout-f56f613f wp-block-columns-is-layout-flex\">\n<div class=\"wp-block-column is-layout-flow wp-block-column-is-layout-flow\" style=\"flex-basis:650px\"><div class=\"wp-block-post-excerpt\"><p class=\"wp-block-post-excerpt__excerpt\">Seit einigen Monaten l\u00e4uft der Prozess gegen die Ulm 5 in Stuttgart-Stammheim. Es ist eines der gr\u00f6\u00dften Verfahren gegen die Pal\u00e4stina-Bewegung in Deutschland. Der Deutsche Staat versucht den legitimen Widerstand gegen den Genozid in Pal\u00e4stina und seine Profiteure zu kriminalisieren. Die Ulm 5 bleiben dagegen standhaft und verteidigen die Aktion. Vor Gericht und auf der&hellip; <\/p><\/div>\n\n<div style=\"font-style:italic;font-weight:400\" class=\"wp-block-post-date has-small-font-size\"><a href=\"https:\/\/solikreis.org\/index.php\/2026\/09\/03\/bundesweite-ulm-5-demo-in-stuttgart-am-24-10\/\"><time datetime=\"2026-09-03T08:49:11+00:00\">September 3, 2026<\/time><\/a><\/div><\/div>\n\n\n\n<div class=\"wp-block-column is-layout-flow wp-block-column-is-layout-flow\"><\/div>\n<\/div>\n\n\n\n<div style=\"height:16px\" aria-hidden=\"true\" class=\"wp-block-spacer\"><\/div>\n\n\n\n<hr class=\"wp-block-separator has-css-opacity alignwide is-style-wide\"\/>\n\n\n\n<div style=\"height:16px\" aria-hidden=\"true\" class=\"wp-block-spacer\"><\/div>\n<\/div>\n\n<\/li><li class=\"wp-block-post post-656 post type-post status-publish format-standard has-post-thumbnail hentry category-aktuelles category-internationale-solidaritaet category-ulm-5\">\n\n<div class=\"wp-block-group is-layout-constrained wp-block-group-is-layout-constrained\"><h2 class=\"alignwide wp-block-post-title has-var-wp-custom-typography-font-size-huge-clamp-2-25-rem-4-vw-2-75-rem-font-size\"><a href=\"https:\/\/solikreis.org\/index.php\/2026\/05\/27\/prozessbegleitung-der-ulm-5-am-29-06\/\" target=\"_self\" >Prozessbegleitung der Ulm 5 am 29.06.<\/a><\/h2>\n\n<figure style=\"margin-top:calc(1.75 * var(--wp--style--block-gap))\" class=\"alignwide wp-block-post-featured-image\"><a href=\"https:\/\/solikreis.org\/index.php\/2026\/05\/27\/prozessbegleitung-der-ulm-5-am-29-06\/\" target=\"_self\" ><img loading=\"lazy\" decoding=\"async\" width=\"750\" height=\"938\" src=\"https:\/\/solikreis.org\/wp-content\/uploads\/2026\/05\/Ulm-5-29.06.jpg\" class=\"attachment-post-thumbnail size-post-thumbnail wp-post-image\" alt=\"Prozessbegleitung der Ulm 5 am 29.06.\" style=\"object-fit:cover;\" srcset=\"https:\/\/solikreis.org\/wp-content\/uploads\/2026\/05\/Ulm-5-29.06.jpg 750w, https:\/\/solikreis.org\/wp-content\/uploads\/2026\/05\/Ulm-5-29.06-240x300.jpg 240w\" sizes=\"auto, (max-width: 750px) 100vw, 750px\" \/><\/a><\/figure>\n\n\n<div class=\"wp-block-columns alignwide is-layout-flex wp-container-core-columns-is-layout-f56f613f wp-block-columns-is-layout-flex\">\n<div class=\"wp-block-column is-layout-flow wp-block-column-is-layout-flow\" style=\"flex-basis:650px\"><div class=\"wp-block-post-excerpt\"><p class=\"wp-block-post-excerpt__excerpt\">Am Freitag den 29.06. findet der n\u00e4chste Prozesstag gegen die Ulm 5 statt. Es wird ab 8 Uhr eine solidarische Prozessbegleitung vor dem OLG Stuttgart-Stammheim geben. Prozessbeginn ist um 9 Uhr! Free the Ulm 5! Free Palestine! <\/p><\/div>\n\n<div style=\"font-style:italic;font-weight:400\" class=\"wp-block-post-date has-small-font-size\"><a href=\"https:\/\/solikreis.org\/index.php\/2026\/05\/27\/prozessbegleitung-der-ulm-5-am-29-06\/\"><time datetime=\"2026-05-27T12:14:58+00:00\">Mai 27, 2026<\/time><\/a><\/div><\/div>\n\n\n\n<div class=\"wp-block-column is-layout-flow wp-block-column-is-layout-flow\"><\/div>\n<\/div>\n\n\n\n<div style=\"height:16px\" aria-hidden=\"true\" class=\"wp-block-spacer\"><\/div>\n\n\n\n<hr class=\"wp-block-separator has-css-opacity alignwide is-style-wide\"\/>\n\n\n\n<div style=\"height:16px\" aria-hidden=\"true\" class=\"wp-block-spacer\"><\/div>\n<\/div>\n\n<\/li><li class=\"wp-block-post post-660 post type-post status-publish format-standard has-post-thumbnail hentry category-aktuelles category-internationale-solidaritaet category-ulm-5\">\n\n<div class=\"wp-block-group is-layout-constrained wp-block-group-is-layout-constrained\"><h2 class=\"alignwide wp-block-post-title has-var-wp-custom-typography-font-size-huge-clamp-2-25-rem-4-vw-2-75-rem-font-size\"><a href=\"https:\/\/solikreis.org\/index.php\/2026\/05\/18\/prozessbegleitung-der-ulm-5-am-20-22-05\/\" target=\"_self\" >Prozessbegleitung der Ulm 5 am 20. &amp; 22.05.<\/a><\/h2>\n\n<figure style=\"margin-top:calc(1.75 * var(--wp--style--block-gap))\" class=\"alignwide wp-block-post-featured-image\"><a href=\"https:\/\/solikreis.org\/index.php\/2026\/05\/18\/prozessbegleitung-der-ulm-5-am-20-22-05\/\" target=\"_self\" ><img loading=\"lazy\" decoding=\"async\" width=\"1080\" height=\"1350\" src=\"https:\/\/solikreis.org\/wp-content\/uploads\/2026\/05\/Am-20.-und-22.Mai-finden-die-naechsten-Prozesstage-gegen-die-Ulm5-vor-dem-OlG-in-Stuttgart-Stamm.webp\" class=\"attachment-post-thumbnail size-post-thumbnail wp-post-image\" alt=\"Prozessbegleitung der Ulm 5 am 20. &amp; 22.05.\" style=\"object-fit:cover;\" srcset=\"https:\/\/solikreis.org\/wp-content\/uploads\/2026\/05\/Am-20.-und-22.Mai-finden-die-naechsten-Prozesstage-gegen-die-Ulm5-vor-dem-OlG-in-Stuttgart-Stamm.webp 1080w, https:\/\/solikreis.org\/wp-content\/uploads\/2026\/05\/Am-20.-und-22.Mai-finden-die-naechsten-Prozesstage-gegen-die-Ulm5-vor-dem-OlG-in-Stuttgart-Stamm-240x300.webp 240w, https:\/\/solikreis.org\/wp-content\/uploads\/2026\/05\/Am-20.-und-22.Mai-finden-die-naechsten-Prozesstage-gegen-die-Ulm5-vor-dem-OlG-in-Stuttgart-Stamm-819x1024.webp 819w, https:\/\/solikreis.org\/wp-content\/uploads\/2026\/05\/Am-20.-und-22.Mai-finden-die-naechsten-Prozesstage-gegen-die-Ulm5-vor-dem-OlG-in-Stuttgart-Stamm-768x960.webp 768w\" sizes=\"auto, (max-width: 1080px) 100vw, 1080px\" \/><\/a><\/figure>\n\n\n<div class=\"wp-block-columns alignwide is-layout-flex wp-container-core-columns-is-layout-f56f613f wp-block-columns-is-layout-flex\">\n<div class=\"wp-block-column is-layout-flow wp-block-column-is-layout-flow\" style=\"flex-basis:650px\"><div class=\"wp-block-post-excerpt\"><p class=\"wp-block-post-excerpt__excerpt\">Am 20. &amp; 22. Mai finden die n\u00e4chsten Prozesstage gegen die Ulm 5 in Stuttgart-Stammheim statt. Es wird wie immer eine solidarische Prozessbegleitung ab 8 Uhr geben. Der Prozess beginnt um 9 Uhr. <\/p><\/div>\n\n<div style=\"font-style:italic;font-weight:400\" class=\"wp-block-post-date has-small-font-size\"><a href=\"https:\/\/solikreis.org\/index.php\/2026\/05\/18\/prozessbegleitung-der-ulm-5-am-20-22-05\/\"><time datetime=\"2026-05-18T12:28:33+00:00\">Mai 18, 2026<\/time><\/a><\/div><\/div>\n\n\n\n<div class=\"wp-block-column is-layout-flow wp-block-column-is-layout-flow\"><\/div>\n<\/div>\n\n\n\n<div style=\"height:16px\" aria-hidden=\"true\" class=\"wp-block-spacer\"><\/div>\n\n\n\n<hr class=\"wp-block-separator has-css-opacity alignwide is-style-wide\"\/>\n\n\n\n<div style=\"height:16px\" aria-hidden=\"true\" class=\"wp-block-spacer\"><\/div>\n<\/div>\n\n<\/li><li class=\"wp-block-post post-643 post type-post status-publish format-standard has-post-thumbnail hentry category-aktuelles category-internationale-solidaritaet category-ulm-5\">\n\n<div class=\"wp-block-group is-layout-constrained wp-block-group-is-layout-constrained\"><h2 class=\"alignwide wp-block-post-title has-var-wp-custom-typography-font-size-huge-clamp-2-25-rem-4-vw-2-75-rem-font-size\"><a href=\"https:\/\/solikreis.org\/index.php\/2026\/05\/12\/bericht-zum-2-prozesstag-der-ulm-5\/\" target=\"_self\" >Bericht zum 2. Prozesstag der Ulm 5<\/a><\/h2>\n\n<figure style=\"margin-top:calc(1.75 * var(--wp--style--block-gap))\" class=\"alignwide wp-block-post-featured-image\"><a href=\"https:\/\/solikreis.org\/index.php\/2026\/05\/12\/bericht-zum-2-prozesstag-der-ulm-5\/\" target=\"_self\" ><img loading=\"lazy\" decoding=\"async\" width=\"1080\" height=\"1350\" src=\"https:\/\/solikreis.org\/wp-content\/uploads\/2026\/05\/Ulm-5-Slide-1-1.jpg\" class=\"attachment-post-thumbnail size-post-thumbnail wp-post-image\" alt=\"Bericht zum 2. Prozesstag der Ulm 5\" style=\"object-fit:cover;\" srcset=\"https:\/\/solikreis.org\/wp-content\/uploads\/2026\/05\/Ulm-5-Slide-1-1.jpg 1080w, https:\/\/solikreis.org\/wp-content\/uploads\/2026\/05\/Ulm-5-Slide-1-1-240x300.jpg 240w, https:\/\/solikreis.org\/wp-content\/uploads\/2026\/05\/Ulm-5-Slide-1-1-819x1024.jpg 819w, https:\/\/solikreis.org\/wp-content\/uploads\/2026\/05\/Ulm-5-Slide-1-1-768x960.jpg 768w\" sizes=\"auto, (max-width: 1080px) 100vw, 1080px\" \/><\/a><\/figure>\n\n\n<div class=\"wp-block-columns alignwide is-layout-flex wp-container-core-columns-is-layout-f56f613f wp-block-columns-is-layout-flex\">\n<div class=\"wp-block-column is-layout-flow wp-block-column-is-layout-flow\" style=\"flex-basis:650px\"><div class=\"wp-block-post-excerpt\"><p class=\"wp-block-post-excerpt__excerpt\">+++ Zweiter Prozesstag gegen Ulm5 in Stammheim ++ Weiter keine Anklage verlesen ++ Weiter Solidarit\u00e4t im und vor dem Gerichtssaal +++Bereits der Prozessauftakt gegen die Ulm5 am 27. April machte deutlich,dass Staatsanwaltschaft und Gericht sehr vehement das Bild \u201egemeingef\u00e4hrlicher Terrorist:innen\u201c zu zeichnen versuchen. Der Tag machte aber ebenfalls deutlich: \u00dcber hundert solidarische Mitstreiter:innen vor dem&hellip; <\/p><\/div>\n\n<div style=\"font-style:italic;font-weight:400\" class=\"wp-block-post-date has-small-font-size\"><a href=\"https:\/\/solikreis.org\/index.php\/2026\/05\/12\/bericht-zum-2-prozesstag-der-ulm-5\/\"><time datetime=\"2026-05-12T13:30:15+00:00\">Mai 12, 2026<\/time><\/a><\/div><\/div>\n\n\n\n<div class=\"wp-block-column is-layout-flow wp-block-column-is-layout-flow\"><\/div>\n<\/div>\n\n\n\n<div style=\"height:16px\" aria-hidden=\"true\" class=\"wp-block-spacer\"><\/div>\n\n\n\n<hr class=\"wp-block-separator has-css-opacity alignwide is-style-wide\"\/>\n\n\n\n<div style=\"height:16px\" aria-hidden=\"true\" class=\"wp-block-spacer\"><\/div>\n<\/div>\n\n<\/li><li class=\"wp-block-post post-639 post type-post status-publish format-standard has-post-thumbnail hentry category-aktuelles category-internationale-solidaritaet category-ulm-5\">\n\n<div class=\"wp-block-group is-layout-constrained wp-block-group-is-layout-constrained\"><h2 class=\"alignwide wp-block-post-title has-var-wp-custom-typography-font-size-huge-clamp-2-25-rem-4-vw-2-75-rem-font-size\"><a href=\"https:\/\/solikreis.org\/index.php\/2026\/05\/05\/video-zum-1-prozesstag-der-ulm-5\/\" target=\"_self\" >Video zum 1. Prozesstag der Ulm 5<\/a><\/h2>\n\n<figure style=\"margin-top:calc(1.75 * var(--wp--style--block-gap))\" class=\"alignwide wp-block-post-featured-image\"><a href=\"https:\/\/solikreis.org\/index.php\/2026\/05\/05\/video-zum-1-prozesstag-der-ulm-5\/\" target=\"_self\" ><img loading=\"lazy\" decoding=\"async\" width=\"370\" height=\"454\" src=\"https:\/\/solikreis.org\/wp-content\/uploads\/2026\/05\/Screenshot-From-2026-05-11-12-32-33.png\" class=\"attachment-post-thumbnail size-post-thumbnail wp-post-image\" alt=\"Video zum 1. Prozesstag der Ulm 5\" style=\"object-fit:cover;\" srcset=\"https:\/\/solikreis.org\/wp-content\/uploads\/2026\/05\/Screenshot-From-2026-05-11-12-32-33.png 370w, https:\/\/solikreis.org\/wp-content\/uploads\/2026\/05\/Screenshot-From-2026-05-11-12-32-33-244x300.png 244w\" sizes=\"auto, (max-width: 370px) 100vw, 370px\" \/><\/a><\/figure>\n\n\n<div class=\"wp-block-columns alignwide is-layout-flex wp-container-core-columns-is-layout-f56f613f wp-block-columns-is-layout-flex\">\n<div class=\"wp-block-column is-layout-flow wp-block-column-is-layout-flow\" style=\"flex-basis:650px\"><div class=\"wp-block-post-excerpt\"><p class=\"wp-block-post-excerpt__excerpt\">Am 27.04. begann der Prozess gegen die Ulm 5 am OLG in Stuttgart Stammheim. Der erste Prozesstag war vor allem dadurch gepr\u00e4gt, dass sich die Richterin nicht einmal die M\u00fche gab, es so aussehen zu lassen als w\u00fcrde die Angeklagten ein &#8222;faires&#8220; Verfahren erwarten. So wurde zum Beispiel den Anw\u00e4lt:innen untersagt neben ihren Mandant:innen im&hellip; <\/p><\/div>\n\n<div style=\"font-style:italic;font-weight:400\" class=\"wp-block-post-date has-small-font-size\"><a href=\"https:\/\/solikreis.org\/index.php\/2026\/05\/05\/video-zum-1-prozesstag-der-ulm-5\/\"><time datetime=\"2026-05-05T12:24:57+00:00\">Mai 5, 2026<\/time><\/a><\/div><\/div>\n\n\n\n<div class=\"wp-block-column is-layout-flow wp-block-column-is-layout-flow\"><\/div>\n<\/div>\n\n\n\n<div style=\"height:16px\" aria-hidden=\"true\" class=\"wp-block-spacer\"><\/div>\n\n\n\n<hr class=\"wp-block-separator has-css-opacity alignwide is-style-wide\"\/>\n\n\n\n<div style=\"height:16px\" aria-hidden=\"true\" class=\"wp-block-spacer\"><\/div>\n<\/div>\n\n<\/li><li class=\"wp-block-post post-618 post type-post status-publish format-standard has-post-thumbnail hentry category-1-mai-2024 category-aktuelles category-internationale-solidaritaet category-ulm-5\">\n\n<div class=\"wp-block-group is-layout-constrained wp-block-group-is-layout-constrained\"><h2 class=\"alignwide wp-block-post-title has-var-wp-custom-typography-font-size-huge-clamp-2-25-rem-4-vw-2-75-rem-font-size\"><a href=\"https:\/\/solikreis.org\/index.php\/2026\/04\/22\/3-prozesse-gegen-linke-am-27-04\/\" target=\"_self\" >3 Prozesse gegen Linke am 27.04.<\/a><\/h2>\n\n<figure style=\"margin-top:calc(1.75 * var(--wp--style--block-gap))\" class=\"alignwide wp-block-post-featured-image\"><a href=\"https:\/\/solikreis.org\/index.php\/2026\/04\/22\/3-prozesse-gegen-linke-am-27-04\/\" target=\"_self\" ><img loading=\"lazy\" decoding=\"async\" width=\"1080\" height=\"1350\" src=\"https:\/\/solikreis.org\/wp-content\/uploads\/2026\/04\/signal-2026-04-22-13-59-53-862.jpg\" class=\"attachment-post-thumbnail size-post-thumbnail wp-post-image\" alt=\"3 Prozesse gegen Linke am 27.04.\" style=\"object-fit:cover;\" srcset=\"https:\/\/solikreis.org\/wp-content\/uploads\/2026\/04\/signal-2026-04-22-13-59-53-862.jpg 1080w, https:\/\/solikreis.org\/wp-content\/uploads\/2026\/04\/signal-2026-04-22-13-59-53-862-240x300.jpg 240w, https:\/\/solikreis.org\/wp-content\/uploads\/2026\/04\/signal-2026-04-22-13-59-53-862-819x1024.jpg 819w, https:\/\/solikreis.org\/wp-content\/uploads\/2026\/04\/signal-2026-04-22-13-59-53-862-768x960.jpg 768w\" sizes=\"auto, (max-width: 1080px) 100vw, 1080px\" \/><\/a><\/figure>\n\n\n<div class=\"wp-block-columns alignwide is-layout-flex wp-container-core-columns-is-layout-f56f613f wp-block-columns-is-layout-flex\">\n<div class=\"wp-block-column is-layout-flow wp-block-column-is-layout-flow\" style=\"flex-basis:650px\"><div class=\"wp-block-post-excerpt\"><p class=\"wp-block-post-excerpt__excerpt\">Am 27.04. finden gleich 3 Prozesse gegen Linke in Stuttgart statt. Das zeigt auf welchem Niveau die Repression in der Region momentan ist. Doch wir stehen zusammen, auf der Stra\u00dfe &amp; vor Gericht! Unterst\u00fctzt die Genoss:innen und kommt zur solidarischen Prozessbegleitung! <\/p><\/div>\n\n<div style=\"font-style:italic;font-weight:400\" class=\"wp-block-post-date has-small-font-size\"><a href=\"https:\/\/solikreis.org\/index.php\/2026\/04\/22\/3-prozesse-gegen-linke-am-27-04\/\"><time datetime=\"2026-04-22T13:43:01+00:00\">April 22, 2026<\/time><\/a><\/div><\/div>\n\n\n\n<div class=\"wp-block-column is-layout-flow wp-block-column-is-layout-flow\"><\/div>\n<\/div>\n\n\n\n<div style=\"height:16px\" aria-hidden=\"true\" class=\"wp-block-spacer\"><\/div>\n\n\n\n<hr class=\"wp-block-separator has-css-opacity alignwide is-style-wide\"\/>\n\n\n\n<div style=\"height:16px\" aria-hidden=\"true\" class=\"wp-block-spacer\"><\/div>\n<\/div>\n\n<\/li><li class=\"wp-block-post post-572 post type-post status-publish format-standard has-post-thumbnail hentry category-aktuelles category-internationale-solidaritaet category-ulm-5\">\n\n<div class=\"wp-block-group is-layout-constrained wp-block-group-is-layout-constrained\"><h2 class=\"alignwide wp-block-post-title has-var-wp-custom-typography-font-size-huge-clamp-2-25-rem-4-vw-2-75-rem-font-size\"><a href=\"https:\/\/solikreis.org\/index.php\/2026\/04\/14\/solidaritaet-mit-palestine-action-the-earthquake-faction\/\" target=\"_self\" >Solidarit\u00e4t mit Palestine Action &amp; The Earthquake Faction<\/a><\/h2>\n\n<figure style=\"margin-top:calc(1.75 * var(--wp--style--block-gap))\" class=\"alignwide wp-block-post-featured-image\"><a href=\"https:\/\/solikreis.org\/index.php\/2026\/04\/14\/solidaritaet-mit-palestine-action-the-earthquake-faction\/\" target=\"_self\" ><img loading=\"lazy\" decoding=\"async\" width=\"1080\" height=\"1350\" src=\"https:\/\/solikreis.org\/wp-content\/uploads\/2026\/04\/Solidaritaet-mit-Palestine-Action.jpg\" class=\"attachment-post-thumbnail size-post-thumbnail wp-post-image\" alt=\"Solidarit\u00e4t mit Palestine Action &amp; The Earthquake Faction\" style=\"object-fit:cover;\" srcset=\"https:\/\/solikreis.org\/wp-content\/uploads\/2026\/04\/Solidaritaet-mit-Palestine-Action.jpg 1080w, https:\/\/solikreis.org\/wp-content\/uploads\/2026\/04\/Solidaritaet-mit-Palestine-Action-240x300.jpg 240w, https:\/\/solikreis.org\/wp-content\/uploads\/2026\/04\/Solidaritaet-mit-Palestine-Action-819x1024.jpg 819w, https:\/\/solikreis.org\/wp-content\/uploads\/2026\/04\/Solidaritaet-mit-Palestine-Action-768x960.jpg 768w\" sizes=\"auto, (max-width: 1080px) 100vw, 1080px\" \/><\/a><\/figure>\n\n\n<div class=\"wp-block-columns alignwide is-layout-flex wp-container-core-columns-is-layout-f56f613f wp-block-columns-is-layout-flex\">\n<div class=\"wp-block-column is-layout-flow wp-block-column-is-layout-flow\" style=\"flex-basis:650px\"><div class=\"wp-block-post-excerpt\"><p class=\"wp-block-post-excerpt__excerpt\">Innerhalb der letzten Tage gab es mehrere gro\u00dfe Repressionsf\u00e4lle gegen die pal\u00e4stinasolidarische Bewegung in Europa:In London kam es im Rahmen einer sogenannten stillen Kundgebung zu \u00fcber 500 Festnahmen. Diese erfolgten aufgrund von Schildern oder Pullover mit Bezug zur Gruppe &#8222;Palestine Action&#8220;.In mehreren osteurop\u00e4ischen L\u00e4ndern wurden 10 Aktivist:innen festgenommen, denen vorgeworfen wird beim Brandanschlag auf die&hellip; <\/p><\/div>\n\n<div style=\"font-style:italic;font-weight:400\" class=\"wp-block-post-date has-small-font-size\"><a href=\"https:\/\/solikreis.org\/index.php\/2026\/04\/14\/solidaritaet-mit-palestine-action-the-earthquake-faction\/\"><time datetime=\"2026-04-14T13:38:28+00:00\">April 14, 2026<\/time><\/a><\/div><\/div>\n\n\n\n<div class=\"wp-block-column is-layout-flow wp-block-column-is-layout-flow\"><\/div>\n<\/div>\n\n\n\n<div style=\"height:16px\" aria-hidden=\"true\" class=\"wp-block-spacer\"><\/div>\n\n\n\n<hr class=\"wp-block-separator has-css-opacity alignwide is-style-wide\"\/>\n\n\n\n<div style=\"height:16px\" aria-hidden=\"true\" class=\"wp-block-spacer\"><\/div>\n<\/div>\n\n<\/li><\/ul>\n\n<\/div>\n","protected":false},"excerpt":{"rendered":"","protected":false},"author":1,"featured_media":0,"parent":57,"menu_order":0,"comment_status":"closed","ping_status":"closed","template":"","meta":{"footnotes":""},"class_list":["post-850","page","type-page","status-publish","hentry"],"_links":{"self":[{"href":"https:\/\/solikreis.org\/index.php\/wp-json\/wp\/v2\/pages\/850","targetHints":{"allow":["GET"]}}],"collection":[{"href":"https:\/\/solikreis.org\/index.php\/wp-json\/wp\/v2\/pages"}],"about":[{"href":"https:\/\/solikreis.org\/index.php\/wp-json\/wp\/v2\/types\/page"}],"author":[{"embeddable":true,"href":"https:\/\/solikreis.org\/index.php\/wp-json\/wp\/v2\/users\/1"}],"replies":[{"embeddable":true,"href":"https:\/\/solikreis.org\/index.php\/wp-json\/wp\/v2\/comments?post=850"}],"version-history":[{"count":4,"href":"https:\/\/solikreis.org\/index.php\/wp-json\/wp\/v2\/pages\/850\/revisions"}],"predecessor-version":[{"id":856,"href":"https:\/\/solikreis.org\/index.php\/wp-json\/wp\/v2\/pages\/850\/revisions\/856"}],"up":[{"embeddable":true,"href":"https:\/\/solikreis.org\/index.php\/wp-json\/wp\/v2\/pages\/57"}],"wp:attachment":[{"href":"https:\/\/solikreis.org\/index.php\/wp-json\/wp\/v2\/media?parent=850"}],"curies":[{"name":"wp","href":"https:\/\/api.w.org\/{rel}","templated":true}]}}